{"version":"1.0","provider_name":"narteks.net","provider_url":"https:\/\/narteks.net","author_name":"Tar\u0131k","author_url":"https:\/\/narteks.net\/index.php\/author\/narbak\/","title":"Arzunun Devrimi , Medya ve Kapitalizm | Oya Morva","type":"rich","width":600,"height":338,"html":"<blockquote class=\"wp-embedded-content\" data-secret=\"A2ISjG7ncY\"><a href=\"https:\/\/narteks.net\/index.php\/2010\/04\/06\/arzunun-devrimi-medya-ve-kapitalizm-oya-morva\/\">Arzunun Devrimi , Medya ve Kapitalizm | Oya Morva<\/a><\/blockquote><iframe sandbox=\"allow-scripts\" security=\"restricted\" src=\"https:\/\/narteks.net\/index.php\/2010\/04\/06\/arzunun-devrimi-medya-ve-kapitalizm-oya-morva\/embed\/#?secret=A2ISjG7ncY\" width=\"600\" height=\"338\" title=\"&#8220;Arzunun Devrimi , Medya ve Kapitalizm | Oya Morva&#8221; &#8212; narteks.net\" data-secret=\"A2ISjG7ncY\" frameborder=\"0\" marginwidth=\"0\" marginheight=\"0\" scrolling=\"no\" class=\"wp-embedded-content\"><\/iframe><script type=\"text\/javascript\">\n\/* <![CDATA[ *\/\n\/*! This file is auto-generated *\/\n!function(d,l){\"use strict\";l.querySelector&&d.addEventListener&&\"undefined\"!=typeof URL&&(d.wp=d.wp||{},d.wp.receiveEmbedMessage||(d.wp.receiveEmbedMessage=function(e){var t=e.data;if((t||t.secret||t.message||t.value)&&!\/[^a-zA-Z0-9]\/.test(t.secret)){for(var s,r,n,a=l.querySelectorAll('iframe[data-secret=\"'+t.secret+'\"]'),o=l.querySelectorAll('blockquote[data-secret=\"'+t.secret+'\"]'),c=new RegExp(\"^https?:$\",\"i\"),i=0;i<o.length;i++)o[i].style.display=\"none\";for(i=0;i<a.length;i++)s=a[i],e.source===s.contentWindow&&(s.removeAttribute(\"style\"),\"height\"===t.message?(1e3<(r=parseInt(t.value,10))?r=1e3:~~r<200&&(r=200),s.height=r):\"link\"===t.message&&(r=new URL(s.getAttribute(\"src\")),n=new URL(t.value),c.test(n.protocol))&&n.host===r.host&&l.activeElement===s&&(d.top.location.href=t.value))}},d.addEventListener(\"message\",d.wp.receiveEmbedMessage,!1),l.addEventListener(\"DOMContentLoaded\",function(){for(var e,t,s=l.querySelectorAll(\"iframe.wp-embedded-content\"),r=0;r<s.length;r++)(t=(e=s[r]).getAttribute(\"data-secret\"))||(t=Math.random().toString(36).substring(2,12),e.src+=\"#?secret=\"+t,e.setAttribute(\"data-secret\",t)),e.contentWindow.postMessage({message:\"ready\",secret:t},\"*\")},!1)))}(window,document);\n\/\/# sourceURL=https:\/\/narteks.net\/wp-includes\/js\/wp-embed.min.js\n\/* ]]> *\/\n<\/script>\n","description":"21. y\u00fczy\u0131la dair bir arzu ekonomisinden bahsetmek gerekecekse, \u00f6ncelikle son d\u00f6nem kapitalizmin de\u011fi\u015fim ve d\u00f6n\u00fc\u015f\u00fcmlerini k\u0131saca ele almak gereklidir. 20. y\u00fczy\u0131l\u0131n b\u00fcy\u00fck sava\u015flar\u0131n\u0131n ard\u0131ndan, modernizm ve onun ekonomik g\u00f6r\u00fcn\u00fcm\u00fc olarak kapitalizmde ba\u015fkala\u015f\u0131mlar\u0131n g\u00f6r\u00fcld\u00fc\u011f\u00fc s\u00f6ylenebilir. 70\u2019li y\u0131llarla birlikte ekonomik anlamda bir a\u00e7maza giren kapitalizm ve dolay\u0131s\u0131yla modernizm, bu a\u00e7mazdan yepyeni bir g\u00f6r\u00fcn\u00fcmle \u00e7\u0131kacakt\u0131r. Ad\u0131na postmodernizm denen [&hellip;]","thumbnail_url":"http:\/\/www.burak.com\/wp-content\/uploads\/2009\/12\/social_media_sites.jpg"}