{"version":"1.0","provider_name":"narteks.net","provider_url":"https:\/\/narteks.net","author_name":"Tar\u0131k","author_url":"https:\/\/narteks.net\/index.php\/author\/narbak\/","title":"Fa\u015fist hareketin T\u00fcrkiye siyasetindeki rol\u00fc | Burak G\u00fcrel","type":"rich","width":600,"height":338,"html":"<blockquote class=\"wp-embedded-content\" data-secret=\"B4poTf8G3g\"><a href=\"https:\/\/narteks.net\/index.php\/2010\/04\/14\/fasist-hareketin-turkiye-siyasetindeki-rolu-burak-gurel\/\">Fa\u015fist hareketin T\u00fcrkiye siyasetindeki rol\u00fc | Burak G\u00fcrel<\/a><\/blockquote><iframe sandbox=\"allow-scripts\" security=\"restricted\" src=\"https:\/\/narteks.net\/index.php\/2010\/04\/14\/fasist-hareketin-turkiye-siyasetindeki-rolu-burak-gurel\/embed\/#?secret=B4poTf8G3g\" width=\"600\" height=\"338\" title=\"&#8220;Fa\u015fist hareketin T\u00fcrkiye siyasetindeki rol\u00fc | Burak G\u00fcrel&#8221; &#8212; narteks.net\" data-secret=\"B4poTf8G3g\" frameborder=\"0\" marginwidth=\"0\" marginheight=\"0\" scrolling=\"no\" class=\"wp-embedded-content\"><\/iframe><script type=\"text\/javascript\">\n\/* <![CDATA[ *\/\n\/*! This file is auto-generated *\/\n!function(d,l){\"use strict\";l.querySelector&&d.addEventListener&&\"undefined\"!=typeof URL&&(d.wp=d.wp||{},d.wp.receiveEmbedMessage||(d.wp.receiveEmbedMessage=function(e){var t=e.data;if((t||t.secret||t.message||t.value)&&!\/[^a-zA-Z0-9]\/.test(t.secret)){for(var s,r,n,a=l.querySelectorAll('iframe[data-secret=\"'+t.secret+'\"]'),o=l.querySelectorAll('blockquote[data-secret=\"'+t.secret+'\"]'),c=new RegExp(\"^https?:$\",\"i\"),i=0;i<o.length;i++)o[i].style.display=\"none\";for(i=0;i<a.length;i++)s=a[i],e.source===s.contentWindow&&(s.removeAttribute(\"style\"),\"height\"===t.message?(1e3<(r=parseInt(t.value,10))?r=1e3:~~r<200&&(r=200),s.height=r):\"link\"===t.message&&(r=new URL(s.getAttribute(\"src\")),n=new URL(t.value),c.test(n.protocol))&&n.host===r.host&&l.activeElement===s&&(d.top.location.href=t.value))}},d.addEventListener(\"message\",d.wp.receiveEmbedMessage,!1),l.addEventListener(\"DOMContentLoaded\",function(){for(var e,t,s=l.querySelectorAll(\"iframe.wp-embedded-content\"),r=0;r<s.length;r++)(t=(e=s[r]).getAttribute(\"data-secret\"))||(t=Math.random().toString(36).substring(2,12),e.src+=\"#?secret=\"+t,e.setAttribute(\"data-secret\",t)),e.contentWindow.postMessage({message:\"ready\",secret:t},\"*\")},!1)))}(window,document);\n\/\/# sourceURL=https:\/\/narteks.net\/wp-includes\/js\/wp-embed.min.js\n\/* ]]> *\/\n<\/script>\n","description":"Son d\u00f6nemde yeni bir sald\u0131r\u0131 kampanyas\u0131 ba\u015flatm\u0131\u015f olan fa\u015fist harekete kar\u015f\u0131 al\u0131nabilecek en yanl\u0131\u015f tav\u0131r onun T\u00fcrkiye siyasetindeki rol\u00fcn\u00fc a\u015f\u0131r\u0131 milliyet\u00e7i bir ak\u0131m\u0131n temsilcisi olmakla s\u0131n\u0131rl\u0131 saymak olacakt\u0131r. Oysa T\u00fcrkiye\u2019deki fa\u015fist hareket farkl\u0131 siyasi konjonkt\u00fcrlerde farkl\u0131 roller oynam\u0131\u015f, bu rollere uygun olarak ideolojik-politik konumunu yeniden \u00fcretmi\u015f ve i\u00e7inde bulundu\u011fu d\u00f6nemdeki iktidar blo\u011fu ile ili\u015fkilenmeye \u00e7al\u0131\u015fm\u0131\u015ft\u0131r. [&hellip;]","thumbnail_url":"http:\/\/hasanrua.files.wordpress.com\/2009\/03\/bb.jpg"}