{"version":"1.0","provider_name":"narteks.net","provider_url":"https:\/\/narteks.net","author_name":"Tar\u0131k","author_url":"https:\/\/narteks.net\/index.php\/author\/narbak\/","title":"\u2018Min D\u00eet\u2019 ve sahipsizlik | Evrim Alata\u015f","type":"rich","width":600,"height":338,"html":"<blockquote class=\"wp-embedded-content\" data-secret=\"6JRPOsN0xa\"><a href=\"https:\/\/narteks.net\/index.php\/2010\/04\/17\/min-dit-ve-sahipsizlik-evrim-alatas\/\">\u2018Min D\u00eet\u2019 ve sahipsizlik | Evrim Alata\u015f<\/a><\/blockquote><iframe sandbox=\"allow-scripts\" security=\"restricted\" src=\"https:\/\/narteks.net\/index.php\/2010\/04\/17\/min-dit-ve-sahipsizlik-evrim-alatas\/embed\/#?secret=6JRPOsN0xa\" width=\"600\" height=\"338\" title=\"&#8220;\u2018Min D\u00eet\u2019 ve sahipsizlik | Evrim Alata\u015f&#8221; &#8212; narteks.net\" data-secret=\"6JRPOsN0xa\" frameborder=\"0\" marginwidth=\"0\" marginheight=\"0\" scrolling=\"no\" class=\"wp-embedded-content\"><\/iframe><script type=\"text\/javascript\">\n\/* <![CDATA[ *\/\n\/*! This file is auto-generated *\/\n!function(d,l){\"use strict\";l.querySelector&&d.addEventListener&&\"undefined\"!=typeof URL&&(d.wp=d.wp||{},d.wp.receiveEmbedMessage||(d.wp.receiveEmbedMessage=function(e){var t=e.data;if((t||t.secret||t.message||t.value)&&!\/[^a-zA-Z0-9]\/.test(t.secret)){for(var s,r,n,a=l.querySelectorAll('iframe[data-secret=\"'+t.secret+'\"]'),o=l.querySelectorAll('blockquote[data-secret=\"'+t.secret+'\"]'),c=new RegExp(\"^https?:$\",\"i\"),i=0;i<o.length;i++)o[i].style.display=\"none\";for(i=0;i<a.length;i++)s=a[i],e.source===s.contentWindow&&(s.removeAttribute(\"style\"),\"height\"===t.message?(1e3<(r=parseInt(t.value,10))?r=1e3:~~r<200&&(r=200),s.height=r):\"link\"===t.message&&(r=new URL(s.getAttribute(\"src\")),n=new URL(t.value),c.test(n.protocol))&&n.host===r.host&&l.activeElement===s&&(d.top.location.href=t.value))}},d.addEventListener(\"message\",d.wp.receiveEmbedMessage,!1),l.addEventListener(\"DOMContentLoaded\",function(){for(var e,t,s=l.querySelectorAll(\"iframe.wp-embedded-content\"),r=0;r<s.length;r++)(t=(e=s[r]).getAttribute(\"data-secret\"))||(t=Math.random().toString(36).substring(2,12),e.src+=\"#?secret=\"+t,e.setAttribute(\"data-secret\",t)),e.contentWindow.postMessage({message:\"ready\",secret:t},\"*\")},!1)))}(window,document);\n\/\/# sourceURL=https:\/\/narteks.net\/wp-includes\/js\/wp-embed.min.js\n\/* ]]> *\/\n<\/script>\n","description":"Balyozlar, darbe planlar\u0131, muvazzaf subaylar, yeni anayasa&#8230; Beynim elli alt\u0131. Bu meselelere girmek en az\u0131ndan \u015fimdilik zor geliyor bana. Daha sade, daha sakin konulara ihtiyac\u0131m var. Bu sebepten, yak\u0131n zamanda vizyona giren ve T\u00fcrkiye K\u00fcrtlerinin \u201cilk K\u00fcrt\u00e7e politik filmi\u201d olan Min D\u00eet\u2019ten bahsedece\u011fim. Hik\u00e2yesini Miraz Bezar\u2019la beraber yazm\u0131\u015ft\u0131k. Miraz, Almanya\u2019da b\u00fcy\u00fcm\u00fc\u015f bir y\u00f6netmen ve derdi [&hellip;]","thumbnail_url":"http:\/\/3.bp.blogspot.com\/-YWQfR6NZrwc\/UeQJc8BpbfI\/AAAAAAABBHQ\/0_fqmPS7Xy4\/s1600\/evrim+alata%C5%9F.jpg"}