{"version":"1.0","provider_name":"narteks.net","provider_url":"https:\/\/narteks.net","author_name":"Tar\u0131k","author_url":"https:\/\/narteks.net\/index.php\/author\/narbak\/","title":"Kapitalizmin Tarihi Soyk\u0131r\u0131mlarla Bezelidir | \u0130lkay Meri\u00e7","type":"rich","width":600,"height":338,"html":"<blockquote class=\"wp-embedded-content\" data-secret=\"7nDQ2fTH71\"><a href=\"https:\/\/narteks.net\/index.php\/2010\/05\/04\/kapitalizmin-tarihi-soykirimlarla-bezelidir-ilkay-meric\/\">Kapitalizmin Tarihi Soyk\u0131r\u0131mlarla Bezelidir | \u0130lkay Meri\u00e7<\/a><\/blockquote><iframe sandbox=\"allow-scripts\" security=\"restricted\" src=\"https:\/\/narteks.net\/index.php\/2010\/05\/04\/kapitalizmin-tarihi-soykirimlarla-bezelidir-ilkay-meric\/embed\/#?secret=7nDQ2fTH71\" width=\"600\" height=\"338\" title=\"&#8220;Kapitalizmin Tarihi Soyk\u0131r\u0131mlarla Bezelidir | \u0130lkay Meri\u00e7&#8221; &#8212; narteks.net\" data-secret=\"7nDQ2fTH71\" frameborder=\"0\" marginwidth=\"0\" marginheight=\"0\" scrolling=\"no\" class=\"wp-embedded-content\"><\/iframe><script type=\"text\/javascript\">\n\/* <![CDATA[ *\/\n\/*! This file is auto-generated *\/\n!function(d,l){\"use strict\";l.querySelector&&d.addEventListener&&\"undefined\"!=typeof URL&&(d.wp=d.wp||{},d.wp.receiveEmbedMessage||(d.wp.receiveEmbedMessage=function(e){var t=e.data;if((t||t.secret||t.message||t.value)&&!\/[^a-zA-Z0-9]\/.test(t.secret)){for(var s,r,n,a=l.querySelectorAll('iframe[data-secret=\"'+t.secret+'\"]'),o=l.querySelectorAll('blockquote[data-secret=\"'+t.secret+'\"]'),c=new RegExp(\"^https?:$\",\"i\"),i=0;i<o.length;i++)o[i].style.display=\"none\";for(i=0;i<a.length;i++)s=a[i],e.source===s.contentWindow&&(s.removeAttribute(\"style\"),\"height\"===t.message?(1e3<(r=parseInt(t.value,10))?r=1e3:~~r<200&&(r=200),s.height=r):\"link\"===t.message&&(r=new URL(s.getAttribute(\"src\")),n=new URL(t.value),c.test(n.protocol))&&n.host===r.host&&l.activeElement===s&&(d.top.location.href=t.value))}},d.addEventListener(\"message\",d.wp.receiveEmbedMessage,!1),l.addEventListener(\"DOMContentLoaded\",function(){for(var e,t,s=l.querySelectorAll(\"iframe.wp-embedded-content\"),r=0;r<s.length;r++)(t=(e=s[r]).getAttribute(\"data-secret\"))||(t=Math.random().toString(36).substring(2,12),e.src+=\"#?secret=\"+t,e.setAttribute(\"data-secret\",t)),e.contentWindow.postMessage({message:\"ready\",secret:t},\"*\")},!1)))}(window,document);\n\/\/# sourceURL=https:\/\/narteks.net\/wp-includes\/js\/wp-embed.min.js\n\/* ]]> *\/\n<\/script>\n","description":"Ge\u00e7ti\u011fimiz haftalarda ABD\u2019deki bir Yahudi \u00f6rg\u00fct\u00fcn\u00fcn (\u0130nk\u00e2ra Kar\u015f\u0131 M\u00fccadele Birli\u011fi &#8211; ADL) daha \u00f6nceki tutumunu de\u011fi\u015ftirerek Ermeni soyk\u0131r\u0131m\u0131n\u0131 tan\u0131d\u0131\u011f\u0131n\u0131 a\u00e7\u0131klamas\u0131, ABD Kongresinde Ermeni soyk\u0131r\u0131m\u0131 yasa tasar\u0131s\u0131n\u0131n ge\u00e7irilmeye haz\u0131rland\u0131\u011f\u0131 \u015fu g\u00fcnlerde zaten teyakkuz halinde olan T\u00fcrkiyeli ink\u00e2rc\u0131lar\u0131 bir kez daha infiale s\u00fcr\u00fckledi. T\u00fcrk h\u00fck\u00fcmetinin \u0130srail\u2019i araya sokarak ADL\u2019ye bas\u0131n\u00e7 bindirilmesini sa\u011flama giri\u015fimleri, gazete k\u00f6\u015fecilerinin k\u00f6p\u00fcrmeleri ve [&hellip;]","thumbnail_url":"http:\/\/www.resimlere.com\/data\/media\/257\/ed-62.jpg"}