{"version":"1.0","provider_name":"narteks.net","provider_url":"https:\/\/narteks.net","author_name":"Tar\u0131k","author_url":"https:\/\/narteks.net\/index.php\/author\/narbak\/","title":"Proletaryaya Veda Eden Akademik Marksizm | Elif \u00c7a\u011fl\u0131","type":"rich","width":600,"height":338,"html":"<blockquote class=\"wp-embedded-content\" data-secret=\"MA3vysZS1Z\"><a href=\"https:\/\/narteks.net\/index.php\/2010\/05\/10\/proletaryaya-veda-eden-akademik-marksizm-elif-cagli\/\">Proletaryaya Veda Eden Akademik Marksizm | Elif \u00c7a\u011fl\u0131<\/a><\/blockquote><iframe sandbox=\"allow-scripts\" security=\"restricted\" src=\"https:\/\/narteks.net\/index.php\/2010\/05\/10\/proletaryaya-veda-eden-akademik-marksizm-elif-cagli\/embed\/#?secret=MA3vysZS1Z\" width=\"600\" height=\"338\" title=\"&#8220;Proletaryaya Veda Eden Akademik Marksizm | Elif \u00c7a\u011fl\u0131&#8221; &#8212; narteks.net\" data-secret=\"MA3vysZS1Z\" frameborder=\"0\" marginwidth=\"0\" marginheight=\"0\" scrolling=\"no\" class=\"wp-embedded-content\"><\/iframe><script type=\"text\/javascript\">\n\/* <![CDATA[ *\/\n\/*! This file is auto-generated *\/\n!function(d,l){\"use strict\";l.querySelector&&d.addEventListener&&\"undefined\"!=typeof URL&&(d.wp=d.wp||{},d.wp.receiveEmbedMessage||(d.wp.receiveEmbedMessage=function(e){var t=e.data;if((t||t.secret||t.message||t.value)&&!\/[^a-zA-Z0-9]\/.test(t.secret)){for(var s,r,n,a=l.querySelectorAll('iframe[data-secret=\"'+t.secret+'\"]'),o=l.querySelectorAll('blockquote[data-secret=\"'+t.secret+'\"]'),c=new RegExp(\"^https?:$\",\"i\"),i=0;i<o.length;i++)o[i].style.display=\"none\";for(i=0;i<a.length;i++)s=a[i],e.source===s.contentWindow&&(s.removeAttribute(\"style\"),\"height\"===t.message?(1e3<(r=parseInt(t.value,10))?r=1e3:~~r<200&&(r=200),s.height=r):\"link\"===t.message&&(r=new URL(s.getAttribute(\"src\")),n=new URL(t.value),c.test(n.protocol))&&n.host===r.host&&l.activeElement===s&&(d.top.location.href=t.value))}},d.addEventListener(\"message\",d.wp.receiveEmbedMessage,!1),l.addEventListener(\"DOMContentLoaded\",function(){for(var e,t,s=l.querySelectorAll(\"iframe.wp-embedded-content\"),r=0;r<s.length;r++)(t=(e=s[r]).getAttribute(\"data-secret\"))||(t=Math.random().toString(36).substring(2,12),e.src+=\"#?secret=\"+t,e.setAttribute(\"data-secret\",t)),e.contentWindow.postMessage({message:\"ready\",secret:t},\"*\")},!1)))}(window,document);\n\/\/# sourceURL=https:\/\/narteks.net\/wp-includes\/js\/wp-embed.min.js\n\/* ]]> *\/\n<\/script>\n","description":"\u0130\u015f\u00e7i s\u0131n\u0131f\u0131 m\u00fccadelesinin ba\u015far\u0131s\u0131 a\u00e7\u0131s\u0131ndan iki temel unsurun, yani Marksist d\u00fcnya g\u00f6r\u00fc\u015f\u00fcyle i\u015f\u00e7i s\u0131n\u0131f\u0131n\u0131n militan eyleminin birlikteli\u011fi elzemdir. Bu birliktelik, Bat\u0131 Avrupa\u2019da devrim dalgas\u0131n\u0131n geri \u00e7ekilmesiyle ba\u015flayan ve \u00f6zellikle II. D\u00fcnya Sava\u015f\u0131 sonras\u0131nda gerek Stalinizmin egemenli\u011fi, gerekse kapitalist sistemin yeniden g\u00fc\u00e7 toplamas\u0131yla karakterize olan olumsuz ko\u015fullar nedeniyle derin bir bi\u00e7imde par\u00e7aland\u0131. \u0130\u015f\u00e7i s\u0131n\u0131f\u0131n\u0131n devrimci eyleminden [&hellip;]","thumbnail_url":"http:\/\/img174.imageshack.us\/img174\/6750\/buyuyeniscisinifiortakamn9.jpg"}