{"version":"1.0","provider_name":"narteks.net","provider_url":"https:\/\/narteks.net","author_name":"Tar\u0131k","author_url":"https:\/\/narteks.net\/index.php\/author\/narbak\/","title":"1 May\u0131s ve \u00e7\u0131k\u0131\u015f f\u0131rsat\u0131 | Erdo\u011fan Ayd\u0131n","type":"rich","width":600,"height":338,"html":"<blockquote class=\"wp-embedded-content\" data-secret=\"pTc1hLvCUg\"><a href=\"https:\/\/narteks.net\/index.php\/2010\/05\/11\/1-mayis-ve-cikis-firsati-erdogan-aydin\/\">1 May\u0131s ve \u00e7\u0131k\u0131\u015f f\u0131rsat\u0131 | Erdo\u011fan Ayd\u0131n<\/a><\/blockquote><iframe sandbox=\"allow-scripts\" security=\"restricted\" src=\"https:\/\/narteks.net\/index.php\/2010\/05\/11\/1-mayis-ve-cikis-firsati-erdogan-aydin\/embed\/#?secret=pTc1hLvCUg\" width=\"600\" height=\"338\" title=\"&#8220;1 May\u0131s ve \u00e7\u0131k\u0131\u015f f\u0131rsat\u0131 | Erdo\u011fan Ayd\u0131n&#8221; &#8212; narteks.net\" data-secret=\"pTc1hLvCUg\" frameborder=\"0\" marginwidth=\"0\" marginheight=\"0\" scrolling=\"no\" class=\"wp-embedded-content\"><\/iframe><script type=\"text\/javascript\">\n\/* <![CDATA[ *\/\n\/*! This file is auto-generated *\/\n!function(d,l){\"use strict\";l.querySelector&&d.addEventListener&&\"undefined\"!=typeof URL&&(d.wp=d.wp||{},d.wp.receiveEmbedMessage||(d.wp.receiveEmbedMessage=function(e){var t=e.data;if((t||t.secret||t.message||t.value)&&!\/[^a-zA-Z0-9]\/.test(t.secret)){for(var s,r,n,a=l.querySelectorAll('iframe[data-secret=\"'+t.secret+'\"]'),o=l.querySelectorAll('blockquote[data-secret=\"'+t.secret+'\"]'),c=new RegExp(\"^https?:$\",\"i\"),i=0;i<o.length;i++)o[i].style.display=\"none\";for(i=0;i<a.length;i++)s=a[i],e.source===s.contentWindow&&(s.removeAttribute(\"style\"),\"height\"===t.message?(1e3<(r=parseInt(t.value,10))?r=1e3:~~r<200&&(r=200),s.height=r):\"link\"===t.message&&(r=new URL(s.getAttribute(\"src\")),n=new URL(t.value),c.test(n.protocol))&&n.host===r.host&&l.activeElement===s&&(d.top.location.href=t.value))}},d.addEventListener(\"message\",d.wp.receiveEmbedMessage,!1),l.addEventListener(\"DOMContentLoaded\",function(){for(var e,t,s=l.querySelectorAll(\"iframe.wp-embedded-content\"),r=0;r<s.length;r++)(t=(e=s[r]).getAttribute(\"data-secret\"))||(t=Math.random().toString(36).substring(2,12),e.src+=\"#?secret=\"+t,e.setAttribute(\"data-secret\",t)),e.contentWindow.postMessage({message:\"ready\",secret:t},\"*\")},!1)))}(window,document);\n\/\/# sourceURL=https:\/\/narteks.net\/wp-includes\/js\/wp-embed.min.js\n\/* ]]> *\/\n<\/script>\n","description":"\u201cY\u0131llardan sonra, yollardan sonra\u201d nihayet olmas\u0131 gerekti\u011fi gibi, Taksim\u2019de ve bar\u0131\u015f\u00e7\u0131l ve kitlesel bir 1 May\u0131s ya\u015fad\u0131 T\u00fcrkiye. Bu memleketin eme\u011fi, adaleti, e\u015fitlik\u00e7i haf\u0131zas\u0131, sosyal yurtseverli\u011fi, tarihsel muhasebesi, ger\u00e7ek demokrasisi, \u00f6zg\u00fcrl\u00fck\u00e7\u00fc laikli\u011fi, ahlak\u0131, vicdan\u0131, y\u00fcz\u00fcn\u00fc sosyalizme d\u00f6nm\u00fc\u015f hukuk bilinci Taksim\u2019e akan bir insan seli oldu. Bu insan selinin ortaya koydu\u011fu nitelik, b\u00fct\u00fcn de\u011ferlerin i\u00e7inin bo\u015fald\u0131\u011f\u0131, [&hellip;]","thumbnail_url":"http:\/\/t3.gstatic.com\/images?q=tbn:p9G_CETPea8kuM:http:\/\/www.psakd.org\/resim\/erdogan_aydin5.JPG"}