{"version":"1.0","provider_name":"narteks.net","provider_url":"https:\/\/narteks.net","author_name":"Tar\u0131k","author_url":"https:\/\/narteks.net\/index.php\/author\/narbak\/","title":"Candan Er\u00e7etin ve \u015fark\u0131lar\u0131 narteks.net 'te","type":"rich","width":600,"height":338,"html":"<blockquote class=\"wp-embedded-content\" data-secret=\"FjZsH9frTN\"><a href=\"https:\/\/narteks.net\/index.php\/2010\/06\/10\/candan-ercetin-ve-sarkilari-narteksnet-te\/\">Candan Er\u00e7etin ve \u015fark\u0131lar\u0131 narteks.net &#8216;te<\/a><\/blockquote><iframe sandbox=\"allow-scripts\" security=\"restricted\" src=\"https:\/\/narteks.net\/index.php\/2010\/06\/10\/candan-ercetin-ve-sarkilari-narteksnet-te\/embed\/#?secret=FjZsH9frTN\" width=\"600\" height=\"338\" title=\"&#8220;Candan Er\u00e7etin ve \u015fark\u0131lar\u0131 narteks.net &#8216;te&#8221; &#8212; narteks.net\" data-secret=\"FjZsH9frTN\" frameborder=\"0\" marginwidth=\"0\" marginheight=\"0\" scrolling=\"no\" class=\"wp-embedded-content\"><\/iframe><script type=\"text\/javascript\">\n\/* <![CDATA[ *\/\n\/*! This file is auto-generated *\/\n!function(d,l){\"use strict\";l.querySelector&&d.addEventListener&&\"undefined\"!=typeof URL&&(d.wp=d.wp||{},d.wp.receiveEmbedMessage||(d.wp.receiveEmbedMessage=function(e){var t=e.data;if((t||t.secret||t.message||t.value)&&!\/[^a-zA-Z0-9]\/.test(t.secret)){for(var s,r,n,a=l.querySelectorAll('iframe[data-secret=\"'+t.secret+'\"]'),o=l.querySelectorAll('blockquote[data-secret=\"'+t.secret+'\"]'),c=new RegExp(\"^https?:$\",\"i\"),i=0;i<o.length;i++)o[i].style.display=\"none\";for(i=0;i<a.length;i++)s=a[i],e.source===s.contentWindow&&(s.removeAttribute(\"style\"),\"height\"===t.message?(1e3<(r=parseInt(t.value,10))?r=1e3:~~r<200&&(r=200),s.height=r):\"link\"===t.message&&(r=new URL(s.getAttribute(\"src\")),n=new URL(t.value),c.test(n.protocol))&&n.host===r.host&&l.activeElement===s&&(d.top.location.href=t.value))}},d.addEventListener(\"message\",d.wp.receiveEmbedMessage,!1),l.addEventListener(\"DOMContentLoaded\",function(){for(var e,t,s=l.querySelectorAll(\"iframe.wp-embedded-content\"),r=0;r<s.length;r++)(t=(e=s[r]).getAttribute(\"data-secret\"))||(t=Math.random().toString(36).substring(2,12),e.src+=\"#?secret=\"+t,e.setAttribute(\"data-secret\",t)),e.contentWindow.postMessage({message:\"ready\",secret:t},\"*\")},!1)))}(window,document);\n\/\/# sourceURL=https:\/\/narteks.net\/wp-includes\/js\/wp-embed.min.js\n\/* ]]> *\/\n<\/script>\n","description":"10 \u015eubat 1963&#8217;de , Pri\u015ftina&#8217;l\u0131 anne ve\u00a0 \u00dcsk\u00fcp&#8217;l\u00fc bir baba, Arnavut g\u00f6\u00e7meni bir ailenin k\u0131z\u0131 olarak K\u0131rklareli&#8217;de d\u00fcnyaya geldi. \u0130lkokulu K\u0131rklareli&#8217;nde bitirdi. Er\u00e7etin, 11 ya\u015f\u0131nda \u0130stanbul&#8217;da burs s\u0131nav\u0131na kat\u0131ld\u0131 ve Galatasaray Lisesi&#8217;ni kazand\u0131. 11 ya\u015f\u0131nda ailesinden ayr\u0131ld\u0131. 1978&#8217;de \u0130stanbul Belediyesi \u015ean Okulu&#8217;na gitti ve \u015fan dersleri ald\u0131. 1986&#8217;da Norve\u00e7, Oslo&#8217;da d\u00fczenlenen Eurovision \u015eark\u0131 Yar\u0131\u015fmas\u0131&#8217;n da [&hellip;]","thumbnail_url":"http:\/\/www.biyografist.com\/resimler\/candan-ercetin-resimleri\/candan-ercetin-resim-002.jpg"}