{"version":"1.0","provider_name":"narteks.net","provider_url":"https:\/\/narteks.net","author_name":"Tar\u0131k","author_url":"https:\/\/narteks.net\/index.php\/author\/narbak\/","title":"Fa\u015fizm'e kar\u015f\u0131 direnen kad\u0131nlar","type":"rich","width":600,"height":338,"html":"<blockquote class=\"wp-embedded-content\" data-secret=\"q1ZJreJ9W6\"><a href=\"https:\/\/narteks.net\/index.php\/2010\/07\/27\/fasizme-karsi-direnen-kadinlar\/\">Fa\u015fizm&#8217;e kar\u015f\u0131 direnen kad\u0131nlar<\/a><\/blockquote><iframe sandbox=\"allow-scripts\" security=\"restricted\" src=\"https:\/\/narteks.net\/index.php\/2010\/07\/27\/fasizme-karsi-direnen-kadinlar\/embed\/#?secret=q1ZJreJ9W6\" width=\"600\" height=\"338\" title=\"&#8220;Fa\u015fizm&#8217;e kar\u015f\u0131 direnen kad\u0131nlar&#8221; &#8212; narteks.net\" data-secret=\"q1ZJreJ9W6\" frameborder=\"0\" marginwidth=\"0\" marginheight=\"0\" scrolling=\"no\" class=\"wp-embedded-content\"><\/iframe><script>\n\/*! This file is auto-generated *\/\n!function(d,l){\"use strict\";l.querySelector&&d.addEventListener&&\"undefined\"!=typeof URL&&(d.wp=d.wp||{},d.wp.receiveEmbedMessage||(d.wp.receiveEmbedMessage=function(e){var t=e.data;if((t||t.secret||t.message||t.value)&&!\/[^a-zA-Z0-9]\/.test(t.secret)){for(var s,r,n,a=l.querySelectorAll('iframe[data-secret=\"'+t.secret+'\"]'),o=l.querySelectorAll('blockquote[data-secret=\"'+t.secret+'\"]'),c=new RegExp(\"^https?:$\",\"i\"),i=0;i<o.length;i++)o[i].style.display=\"none\";for(i=0;i<a.length;i++)s=a[i],e.source===s.contentWindow&&(s.removeAttribute(\"style\"),\"height\"===t.message?(1e3<(r=parseInt(t.value,10))?r=1e3:~~r<200&&(r=200),s.height=r):\"link\"===t.message&&(r=new URL(s.getAttribute(\"src\")),n=new URL(t.value),c.test(n.protocol))&&n.host===r.host&&l.activeElement===s&&(d.top.location.href=t.value))}},d.addEventListener(\"message\",d.wp.receiveEmbedMessage,!1),l.addEventListener(\"DOMContentLoaded\",function(){for(var e,t,s=l.querySelectorAll(\"iframe.wp-embedded-content\"),r=0;r<s.length;r++)(t=(e=s[r]).getAttribute(\"data-secret\"))||(t=Math.random().toString(36).substring(2,12),e.src+=\"#?secret=\"+t,e.setAttribute(\"data-secret\",t)),e.contentWindow.postMessage({message:\"ready\",secret:t},\"*\")},!1)))}(window,document);\n\/\/# sourceURL=https:\/\/narteks.net\/wp-includes\/js\/wp-embed.min.js\n<\/script>\n","description":"\u0130kinci D\u00fcnya Sava\u015f\u0131\u2019nda Almanya, Fransa, \u0130spanya, Hollanda, Polonya, Yunanistan, Yugoslavya olmak \u00fczere b\u00fct\u00fcn Avrupa \u00fclklerinde fa\u015fizme kar\u015f\u0131 m\u00fccadele eden yurtseverlerin, kom\u00fcnistlerin ve de sosyalistlerin \u00f6nemli bir kesimi kad\u0131nlardan olu\u015fmaktayd\u0131. 1930\u2019lu y\u0131llar, kom\u00fcnist partilerin b\u00fct\u00fcn dikkatlerini fa\u015fizmle m\u00fccadeleye \u00e7evirdikleri, bu nedenle Komintern\u2019in Birle\u015fik Halk Cephesi politikalar\u0131n\u0131 g\u00fcndemine ald\u0131\u011f\u0131 y\u0131llard\u0131r. 1930\u2019lu y\u0131llar fa\u015fizmin Avrupa\u2019y\u0131 kas\u0131p kavurdu\u011fu y\u0131llard\u0131r. [&hellip;]","thumbnail_url":"http:\/\/www.ilericigenclik.org\/images\/news\/d94d15d5ee3886c2ba03389a58cbadd4.jpg"}