{"version":"1.0","provider_name":"narteks.net","provider_url":"https:\/\/narteks.net","author_name":"Tar\u0131k","author_url":"https:\/\/narteks.net\/index.php\/author\/narbak\/","title":"Hegel Diyalekti\u011fi ve Tragedya | Erkan K\u00fc\u00e7\u00fck","type":"rich","width":600,"height":338,"html":"<blockquote class=\"wp-embedded-content\" data-secret=\"wbbMrSO9Kk\"><a href=\"https:\/\/narteks.net\/index.php\/2010\/10\/30\/hegel-diyalektigi-ve-tragedya-erkan-kucuk\/\">Hegel Diyalekti\u011fi ve Tragedya | Erkan K\u00fc\u00e7\u00fck<\/a><\/blockquote><iframe sandbox=\"allow-scripts\" security=\"restricted\" src=\"https:\/\/narteks.net\/index.php\/2010\/10\/30\/hegel-diyalektigi-ve-tragedya-erkan-kucuk\/embed\/#?secret=wbbMrSO9Kk\" width=\"600\" height=\"338\" title=\"&#8220;Hegel Diyalekti\u011fi ve Tragedya | Erkan K\u00fc\u00e7\u00fck&#8221; &#8212; narteks.net\" data-secret=\"wbbMrSO9Kk\" frameborder=\"0\" marginwidth=\"0\" marginheight=\"0\" scrolling=\"no\" class=\"wp-embedded-content\"><\/iframe><script type=\"text\/javascript\">\n\/* <![CDATA[ *\/\n\/*! This file is auto-generated *\/\n!function(d,l){\"use strict\";l.querySelector&&d.addEventListener&&\"undefined\"!=typeof URL&&(d.wp=d.wp||{},d.wp.receiveEmbedMessage||(d.wp.receiveEmbedMessage=function(e){var t=e.data;if((t||t.secret||t.message||t.value)&&!\/[^a-zA-Z0-9]\/.test(t.secret)){for(var s,r,n,a=l.querySelectorAll('iframe[data-secret=\"'+t.secret+'\"]'),o=l.querySelectorAll('blockquote[data-secret=\"'+t.secret+'\"]'),c=new RegExp(\"^https?:$\",\"i\"),i=0;i<o.length;i++)o[i].style.display=\"none\";for(i=0;i<a.length;i++)s=a[i],e.source===s.contentWindow&&(s.removeAttribute(\"style\"),\"height\"===t.message?(1e3<(r=parseInt(t.value,10))?r=1e3:~~r<200&&(r=200),s.height=r):\"link\"===t.message&&(r=new URL(s.getAttribute(\"src\")),n=new URL(t.value),c.test(n.protocol))&&n.host===r.host&&l.activeElement===s&&(d.top.location.href=t.value))}},d.addEventListener(\"message\",d.wp.receiveEmbedMessage,!1),l.addEventListener(\"DOMContentLoaded\",function(){for(var e,t,s=l.querySelectorAll(\"iframe.wp-embedded-content\"),r=0;r<s.length;r++)(t=(e=s[r]).getAttribute(\"data-secret\"))||(t=Math.random().toString(36).substring(2,12),e.src+=\"#?secret=\"+t,e.setAttribute(\"data-secret\",t)),e.contentWindow.postMessage({message:\"ready\",secret:t},\"*\")},!1)))}(window,document);\n\/\/# sourceURL=https:\/\/narteks.net\/wp-includes\/js\/wp-embed.min.js\n\/* ]]> *\/\n<\/script>\n","description":"Hegel\u2019in felsefesi yal\u0131n, kendi i\u00e7ine kapal\u0131 bilin\u00e7ten, nesnel d\u00fcnya\/ \u00f6tekiyle dolay\u0131mlan\u0131p yani diyalektik olarak kar\u015f\u0131t\u0131ndan ge\u00e7erek yine kendi \u00fczerine d\u00f6nme s\u00fcrecini anlat\u0131r. Bu dolay\u0131mlanma s\u00fcrekli daha karma\u015f\u0131\u011fa do\u011fru ilerleyen ve ilerledik\u00e7e kendini a\u00e7an,geni\u015fleyen bir ilerleyi\u015ftir. Bilin\u00e7 kendini var edebilmesi i\u00e7in bir kar\u015f\u0131tl\u0131\u011f\u0131 i\u00e7ermesi gerekir. Kendi i\u00e7ine kapal\u0131, salt\u0131k bir bilin\u00e7 olumsuzluktur. Hegel\u2019in diyalekti\u011fi bir a\u015fma, [&hellip;]","thumbnail_url":"https:\/\/narteks.net\/wp-content\/uploads\/narteks.png","thumbnail_width":300,"thumbnail_height":90}