{"version":"1.0","provider_name":"narteks.net","provider_url":"https:\/\/narteks.net","author_name":"Tar\u0131k","author_url":"https:\/\/narteks.net\/index.php\/author\/narbak\/","title":"T\u00fcrkiye\u2019deki Emek Hareketlerine Anar\u015fist Bir Bak\u0131\u015f","type":"rich","width":600,"height":338,"html":"<blockquote class=\"wp-embedded-content\" data-secret=\"4IKUHeE3Ke\"><a href=\"https:\/\/narteks.net\/index.php\/2010\/12\/23\/turkiyedeki-emek-hareketlerine-anarsist-bir-bakis\/\">T\u00fcrkiye\u2019deki Emek Hareketlerine Anar\u015fist Bir Bak\u0131\u015f<\/a><\/blockquote><iframe sandbox=\"allow-scripts\" security=\"restricted\" src=\"https:\/\/narteks.net\/index.php\/2010\/12\/23\/turkiyedeki-emek-hareketlerine-anarsist-bir-bakis\/embed\/#?secret=4IKUHeE3Ke\" width=\"600\" height=\"338\" title=\"&#8220;T\u00fcrkiye\u2019deki Emek Hareketlerine Anar\u015fist Bir Bak\u0131\u015f&#8221; &#8212; narteks.net\" data-secret=\"4IKUHeE3Ke\" frameborder=\"0\" marginwidth=\"0\" marginheight=\"0\" scrolling=\"no\" class=\"wp-embedded-content\"><\/iframe><script type=\"text\/javascript\">\n\/* <![CDATA[ *\/\n\/*! This file is auto-generated *\/\n!function(d,l){\"use strict\";l.querySelector&&d.addEventListener&&\"undefined\"!=typeof URL&&(d.wp=d.wp||{},d.wp.receiveEmbedMessage||(d.wp.receiveEmbedMessage=function(e){var t=e.data;if((t||t.secret||t.message||t.value)&&!\/[^a-zA-Z0-9]\/.test(t.secret)){for(var s,r,n,a=l.querySelectorAll('iframe[data-secret=\"'+t.secret+'\"]'),o=l.querySelectorAll('blockquote[data-secret=\"'+t.secret+'\"]'),c=new RegExp(\"^https?:$\",\"i\"),i=0;i<o.length;i++)o[i].style.display=\"none\";for(i=0;i<a.length;i++)s=a[i],e.source===s.contentWindow&&(s.removeAttribute(\"style\"),\"height\"===t.message?(1e3<(r=parseInt(t.value,10))?r=1e3:~~r<200&&(r=200),s.height=r):\"link\"===t.message&&(r=new URL(s.getAttribute(\"src\")),n=new URL(t.value),c.test(n.protocol))&&n.host===r.host&&l.activeElement===s&&(d.top.location.href=t.value))}},d.addEventListener(\"message\",d.wp.receiveEmbedMessage,!1),l.addEventListener(\"DOMContentLoaded\",function(){for(var e,t,s=l.querySelectorAll(\"iframe.wp-embedded-content\"),r=0;r<s.length;r++)(t=(e=s[r]).getAttribute(\"data-secret\"))||(t=Math.random().toString(36).substring(2,12),e.src+=\"#?secret=\"+t,e.setAttribute(\"data-secret\",t)),e.contentWindow.postMessage({message:\"ready\",secret:t},\"*\")},!1)))}(window,document);\n\/\/# sourceURL=https:\/\/narteks.net\/wp-includes\/js\/wp-embed.min.js\n\/* ]]> *\/\n<\/script>\n","description":"Bu co\u011frafyadaki emek hareketi ile yine bu co\u011frafyadaki anar\u015fizmin hala tan\u0131\u015fmam\u0131\u015f oldu\u011fu bu d\u00f6nemde iki olguyu yan yana getirip tahlil etmek olduk\u00e7a zor. Fakat \u00f6zellikle g\u00fcn\u00fcm\u00fcz gibi s\u0131n\u0131f m\u00fccadelesinin bitti\u011fi s\u00f6ylemlerinin her yerde duyuldu\u011fu ve bu s\u00f6ylemin g\u00fcn\u00fcm\u00fcz anar\u015fizmi i\u00e7inde genel kabul g\u00f6rd\u00fc\u011f\u00fc d\u00fc\u015f\u00fcn\u00fcld\u00fc\u011f\u00fcnde bu i\u015f mutlak bir \u00f6nem kazan\u0131yor. Biz toplumcu anar\u015fistler olarak marjinal [&hellip;]","thumbnail_url":"http:\/\/www.tulumba.com\/mmTULUMBA\/Images\/bk\/zBK331041IE777_250.jpg"}