{"version":"1.0","provider_name":"narteks.net","provider_url":"https:\/\/narteks.net","author_name":"Tar\u0131k","author_url":"https:\/\/narteks.net\/index.php\/author\/narbak\/","title":"Devrimci Macerac\u0131l\u0131k | Viladimir \u0130li\u00e7 Lenin","type":"rich","width":600,"height":338,"html":"<blockquote class=\"wp-embedded-content\" data-secret=\"iKW4NExSW2\"><a href=\"https:\/\/narteks.net\/index.php\/2011\/01\/05\/devrimci-maceracilik-viladimir-ilic-lenin\/\">Devrimci Macerac\u0131l\u0131k | Viladimir \u0130li\u00e7 Lenin<\/a><\/blockquote><iframe sandbox=\"allow-scripts\" security=\"restricted\" src=\"https:\/\/narteks.net\/index.php\/2011\/01\/05\/devrimci-maceracilik-viladimir-ilic-lenin\/embed\/#?secret=iKW4NExSW2\" width=\"600\" height=\"338\" title=\"&#8220;Devrimci Macerac\u0131l\u0131k | Viladimir \u0130li\u00e7 Lenin&#8221; &#8212; narteks.net\" data-secret=\"iKW4NExSW2\" frameborder=\"0\" marginwidth=\"0\" marginheight=\"0\" scrolling=\"no\" class=\"wp-embedded-content\"><\/iframe><script>\n\/*! This file is auto-generated *\/\n!function(d,l){\"use strict\";l.querySelector&&d.addEventListener&&\"undefined\"!=typeof URL&&(d.wp=d.wp||{},d.wp.receiveEmbedMessage||(d.wp.receiveEmbedMessage=function(e){var t=e.data;if((t||t.secret||t.message||t.value)&&!\/[^a-zA-Z0-9]\/.test(t.secret)){for(var s,r,n,a=l.querySelectorAll('iframe[data-secret=\"'+t.secret+'\"]'),o=l.querySelectorAll('blockquote[data-secret=\"'+t.secret+'\"]'),c=new RegExp(\"^https?:$\",\"i\"),i=0;i<o.length;i++)o[i].style.display=\"none\";for(i=0;i<a.length;i++)s=a[i],e.source===s.contentWindow&&(s.removeAttribute(\"style\"),\"height\"===t.message?(1e3<(r=parseInt(t.value,10))?r=1e3:~~r<200&&(r=200),s.height=r):\"link\"===t.message&&(r=new URL(s.getAttribute(\"src\")),n=new URL(t.value),c.test(n.protocol))&&n.host===r.host&&l.activeElement===s&&(d.top.location.href=t.value))}},d.addEventListener(\"message\",d.wp.receiveEmbedMessage,!1),l.addEventListener(\"DOMContentLoaded\",function(){for(var e,t,s=l.querySelectorAll(\"iframe.wp-embedded-content\"),r=0;r<s.length;r++)(t=(e=s[r]).getAttribute(\"data-secret\"))||(t=Math.random().toString(36).substring(2,12),e.src+=\"#?secret=\"+t,e.setAttribute(\"data-secret\",t)),e.contentWindow.postMessage({message:\"ready\",secret:t},\"*\")},!1)))}(window,document);\n\/\/# sourceURL=https:\/\/narteks.net\/wp-includes\/js\/wp-embed.min.js\n<\/script>\n","description":"Rusya tarihinin dev ad\u0131mlarla ilerledi\u011fi f\u0131rt\u0131nal\u0131 g\u00fcnlerde ya\u015f\u0131yoruz ve bazan her y\u0131l, durgun ge\u00e7en onlarca y\u0131ldan daha b\u00fcy\u00fck \u00f6nem ta\u015f\u0131yor. Reform sonras\u0131 d\u00f6nemin yar\u0131m y\u00fczy\u0131ll\u0131k sonu\u00e7lar\u0131 toparlan\u0131yor ve \u00f6n\u00fcm\u00fczdeki uzun, \u00e7ok uzun y\u0131llarda b\u00fct\u00fcn \u00fclkenin kaderini belirleyecek sosyal ve siyasi yap\u0131n\u0131n temel ta\u015flar\u0131 d\u00f6\u015feniyor. Devrimci hareket \u015fa\u015f\u0131rt\u0131c\u0131 bir h\u0131zla geli\u015fmeye devam ediyor; bu arada &#8220;bizim [&hellip;]","thumbnail_url":"http:\/\/www.felsefeforumu.com\/images\/resim\/marx\/lenin.gif"}