{"version":"1.0","provider_name":"narteks.net","provider_url":"https:\/\/narteks.net","author_name":"Tar\u0131k","author_url":"https:\/\/narteks.net\/index.php\/author\/narbak\/","title":"Kara kutudan karanl\u0131k \u00e7\u0131k\u0131nca | Bengi \u015eano","type":"rich","width":600,"height":338,"html":"<blockquote class=\"wp-embedded-content\" data-secret=\"rTGD8yOxqG\"><a href=\"https:\/\/narteks.net\/index.php\/2011\/02\/15\/kara-kutudan-karanlik-cikinca-bengi-sano\/\">Kara kutudan karanl\u0131k \u00e7\u0131k\u0131nca | Bengi \u015eano<\/a><\/blockquote><iframe sandbox=\"allow-scripts\" security=\"restricted\" src=\"https:\/\/narteks.net\/index.php\/2011\/02\/15\/kara-kutudan-karanlik-cikinca-bengi-sano\/embed\/#?secret=rTGD8yOxqG\" width=\"600\" height=\"338\" title=\"&#8220;Kara kutudan karanl\u0131k \u00e7\u0131k\u0131nca | Bengi \u015eano&#8221; &#8212; narteks.net\" data-secret=\"rTGD8yOxqG\" frameborder=\"0\" marginwidth=\"0\" marginheight=\"0\" scrolling=\"no\" class=\"wp-embedded-content\"><\/iframe><script type=\"text\/javascript\">\n\/* <![CDATA[ *\/\n\/*! This file is auto-generated *\/\n!function(d,l){\"use strict\";l.querySelector&&d.addEventListener&&\"undefined\"!=typeof URL&&(d.wp=d.wp||{},d.wp.receiveEmbedMessage||(d.wp.receiveEmbedMessage=function(e){var t=e.data;if((t||t.secret||t.message||t.value)&&!\/[^a-zA-Z0-9]\/.test(t.secret)){for(var s,r,n,a=l.querySelectorAll('iframe[data-secret=\"'+t.secret+'\"]'),o=l.querySelectorAll('blockquote[data-secret=\"'+t.secret+'\"]'),c=new RegExp(\"^https?:$\",\"i\"),i=0;i<o.length;i++)o[i].style.display=\"none\";for(i=0;i<a.length;i++)s=a[i],e.source===s.contentWindow&&(s.removeAttribute(\"style\"),\"height\"===t.message?(1e3<(r=parseInt(t.value,10))?r=1e3:~~r<200&&(r=200),s.height=r):\"link\"===t.message&&(r=new URL(s.getAttribute(\"src\")),n=new URL(t.value),c.test(n.protocol))&&n.host===r.host&&l.activeElement===s&&(d.top.location.href=t.value))}},d.addEventListener(\"message\",d.wp.receiveEmbedMessage,!1),l.addEventListener(\"DOMContentLoaded\",function(){for(var e,t,s=l.querySelectorAll(\"iframe.wp-embedded-content\"),r=0;r<s.length;r++)(t=(e=s[r]).getAttribute(\"data-secret\"))||(t=Math.random().toString(36).substring(2,12),e.src+=\"#?secret=\"+t,e.setAttribute(\"data-secret\",t)),e.contentWindow.postMessage({message:\"ready\",secret:t},\"*\")},!1)))}(window,document);\n\/\/# sourceURL=https:\/\/narteks.net\/wp-includes\/js\/wp-embed.min.js\n\/* ]]> *\/\n<\/script>\n","description":"Umut bitti\u011finde geriye ne kal\u0131r? Ya\u015fama at\u0131ld\u0131\u011f\u0131m\u0131z andan itibaren hayatta olmam\u0131za, ya\u015fam\u0131 s\u00fcrd\u00fcrmemize y\u00f6nelik yarat\u0131lan ya da yaratt\u0131\u011f\u0131m\u0131z anlam ve de\u011ferler olmasa dayanabilir miydik ya\u015fam\u0131n a\u011fr\u0131s\u0131na. K\u00f6t\u00fcl\u00fck her yan\u0131m\u0131z\u0131 sarm\u0131\u015fken, iyili\u011fe, g\u00fczelli\u011fe y\u00f6nelik beklentilerimiz olmadan nas\u0131l ayakta durabiliriz. D\u00fc\u015fmeden, vazge\u00e7meden, ya\u015fam yolunda y\u00fcr\u00fcmek ger\u00e7ekten umut ve inan\u00e7 gerektiriyor. Eskiden d\u00fc\u015flerimiz \u00e7ok daha canl\u0131yd\u0131. Sonra bu [&hellip;]","thumbnail_url":"https:\/\/narteks.net\/wp-content\/uploads\/narteks.png","thumbnail_width":300,"thumbnail_height":90}