{"version":"1.0","provider_name":"narteks.net","provider_url":"https:\/\/narteks.net","author_name":"Tar\u0131k","author_url":"https:\/\/narteks.net\/index.php\/author\/narbak\/","title":"Kad\u0131nlar Karl Marx'a ne bor\u00e7ludur? | Clara Zetkin","type":"rich","width":600,"height":338,"html":"<blockquote class=\"wp-embedded-content\" data-secret=\"FuuhId51d0\"><a href=\"https:\/\/narteks.net\/index.php\/2011\/03\/07\/kadnlar-karl-marxa-ne-borcludur-clara-zetkin\/\">Kad\u0131nlar Karl Marx&#8217;a ne bor\u00e7ludur? | Clara Zetkin<\/a><\/blockquote><iframe sandbox=\"allow-scripts\" security=\"restricted\" src=\"https:\/\/narteks.net\/index.php\/2011\/03\/07\/kadnlar-karl-marxa-ne-borcludur-clara-zetkin\/embed\/#?secret=FuuhId51d0\" width=\"600\" height=\"338\" title=\"&#8220;Kad\u0131nlar Karl Marx&#8217;a ne bor\u00e7ludur? | Clara Zetkin&#8221; &#8212; narteks.net\" data-secret=\"FuuhId51d0\" frameborder=\"0\" marginwidth=\"0\" marginheight=\"0\" scrolling=\"no\" class=\"wp-embedded-content\"><\/iframe><script>\n\/*! This file is auto-generated *\/\n!function(d,l){\"use strict\";l.querySelector&&d.addEventListener&&\"undefined\"!=typeof URL&&(d.wp=d.wp||{},d.wp.receiveEmbedMessage||(d.wp.receiveEmbedMessage=function(e){var t=e.data;if((t||t.secret||t.message||t.value)&&!\/[^a-zA-Z0-9]\/.test(t.secret)){for(var s,r,n,a=l.querySelectorAll('iframe[data-secret=\"'+t.secret+'\"]'),o=l.querySelectorAll('blockquote[data-secret=\"'+t.secret+'\"]'),c=new RegExp(\"^https?:$\",\"i\"),i=0;i<o.length;i++)o[i].style.display=\"none\";for(i=0;i<a.length;i++)s=a[i],e.source===s.contentWindow&&(s.removeAttribute(\"style\"),\"height\"===t.message?(1e3<(r=parseInt(t.value,10))?r=1e3:~~r<200&&(r=200),s.height=r):\"link\"===t.message&&(r=new URL(s.getAttribute(\"src\")),n=new URL(t.value),c.test(n.protocol))&&n.host===r.host&&l.activeElement===s&&(d.top.location.href=t.value))}},d.addEventListener(\"message\",d.wp.receiveEmbedMessage,!1),l.addEventListener(\"DOMContentLoaded\",function(){for(var e,t,s=l.querySelectorAll(\"iframe.wp-embedded-content\"),r=0;r<s.length;r++)(t=(e=s[r]).getAttribute(\"data-secret\"))||(t=Math.random().toString(36).substring(2,12),e.src+=\"#?secret=\"+t,e.setAttribute(\"data-secret\",t)),e.contentWindow.postMessage({message:\"ready\",secret:t},\"*\")},!1)))}(window,document);\n\/\/# sourceURL=https:\/\/narteks.net\/wp-includes\/js\/wp-embed.min.js\n<\/script>\n","description":"14 Mart, Karl Marx\u2019\u0131n Londra\u2019da \u00f6l\u00fcm\u00fcn\u00fcn yirminci y\u0131ld\u00f6n\u00fcm\u00fcyd\u00fc. Ya\u015fam\u0131, 40 y\u0131l boyunca Karl Marx\u2019\u0131n ya\u015fam\u0131yla en i\u00e7ten bi\u00e7imde \u00e7al\u0131\u015fma ve m\u00fccadelede ba\u011fl\u0131 olan Engels, Marx \u00f6ld\u00fc\u011f\u00fcnde, ortak bir dosta, New York\u2019taki Sorge yolda\u015fa \u015f\u00f6yle yaz\u0131yordu: \u201c\u0130nsanl\u0131k bir kafa boyu k\u0131sald\u0131, bug\u00fcn sahip oldu\u011fu en \u00f6nemli kafayd\u0131 eksilen.\u201d O bununla son derece isabetli bir de\u011ferlendirme yap\u0131yordu. [&hellip;]","thumbnail_url":"http:\/\/www.biografiasyvidas.com\/biografia\/z\/fotos\/zetkin.jpg"}