{"version":"1.0","provider_name":"narteks.net","provider_url":"https:\/\/narteks.net","author_name":"Tar\u0131k","author_url":"https:\/\/narteks.net\/index.php\/author\/narbak\/","title":"Fransa'da S\u0131n\u0131f sava\u015f\u0131mlar\u0131 (2.B\u00f6l\u00fcm) | Karl Marks","type":"rich","width":600,"height":338,"html":"<blockquote class=\"wp-embedded-content\" data-secret=\"UQTPH9SWPr\"><a href=\"https:\/\/narteks.net\/index.php\/2011\/03\/08\/fransada-sinif-savasimlari-2bolum-karl-marks\/\">Fransa&#8217;da S\u0131n\u0131f sava\u015f\u0131mlar\u0131 (2.B\u00f6l\u00fcm) | Karl Marks<\/a><\/blockquote><iframe sandbox=\"allow-scripts\" security=\"restricted\" src=\"https:\/\/narteks.net\/index.php\/2011\/03\/08\/fransada-sinif-savasimlari-2bolum-karl-marks\/embed\/#?secret=UQTPH9SWPr\" width=\"600\" height=\"338\" title=\"&#8220;Fransa&#8217;da S\u0131n\u0131f sava\u015f\u0131mlar\u0131 (2.B\u00f6l\u00fcm) | Karl Marks&#8221; &#8212; narteks.net\" data-secret=\"UQTPH9SWPr\" frameborder=\"0\" marginwidth=\"0\" marginheight=\"0\" scrolling=\"no\" class=\"wp-embedded-content\"><\/iframe><script type=\"text\/javascript\">\n\/* <![CDATA[ *\/\n\/*! This file is auto-generated *\/\n!function(d,l){\"use strict\";l.querySelector&&d.addEventListener&&\"undefined\"!=typeof URL&&(d.wp=d.wp||{},d.wp.receiveEmbedMessage||(d.wp.receiveEmbedMessage=function(e){var t=e.data;if((t||t.secret||t.message||t.value)&&!\/[^a-zA-Z0-9]\/.test(t.secret)){for(var s,r,n,a=l.querySelectorAll('iframe[data-secret=\"'+t.secret+'\"]'),o=l.querySelectorAll('blockquote[data-secret=\"'+t.secret+'\"]'),c=new RegExp(\"^https?:$\",\"i\"),i=0;i<o.length;i++)o[i].style.display=\"none\";for(i=0;i<a.length;i++)s=a[i],e.source===s.contentWindow&&(s.removeAttribute(\"style\"),\"height\"===t.message?(1e3<(r=parseInt(t.value,10))?r=1e3:~~r<200&&(r=200),s.height=r):\"link\"===t.message&&(r=new URL(s.getAttribute(\"src\")),n=new URL(t.value),c.test(n.protocol))&&n.host===r.host&&l.activeElement===s&&(d.top.location.href=t.value))}},d.addEventListener(\"message\",d.wp.receiveEmbedMessage,!1),l.addEventListener(\"DOMContentLoaded\",function(){for(var e,t,s=l.querySelectorAll(\"iframe.wp-embedded-content\"),r=0;r<s.length;r++)(t=(e=s[r]).getAttribute(\"data-secret\"))||(t=Math.random().toString(36).substring(2,12),e.src+=\"#?secret=\"+t,e.setAttribute(\"data-secret\",t)),e.contentWindow.postMessage({message:\"ready\",secret:t},\"*\")},!1)))}(window,document);\n\/\/# sourceURL=https:\/\/narteks.net\/wp-includes\/js\/wp-embed.min.js\n\/* ]]> *\/\n<\/script>\n","description":"II. 13 HAZ\u0130RAN 1849 25 \u015eubat 1848 Fransa&#8217;ya cumhuriyeti getirdi, 25 Haziran ise, ona devrimi zorla kabul ettirdi. Ve, \u015eubattan \u00f6nce, devrim, devlet bi\u00e7iminin y\u0131k\u0131lmas\u0131 burjuva toplumun alt\u00fcst olmas\u0131, y\u0131k\u0131lmas\u0131 demeye geliyordu. Haziran \u00e7arp\u0131\u015fmas\u0131n\u0131 burjuvazinin cumhuriyet\u00e7i kesimi y\u00f6netmi\u015fti, zaferle birlikte devlet iktidar\u0131 da zorunlu olarak anlam\u0131na geldi\u011fi halde, Hazirandan sonra devrim, (sayfa 276) ona d\u00fc\u015fm\u00fc\u015ft\u00fc. [&hellip;]","thumbnail_url":"https:\/\/narteks.net\/wp-content\/uploads\/narteks.png","thumbnail_width":300,"thumbnail_height":90}