{"version":"1.0","provider_name":"narteks.net","provider_url":"https:\/\/narteks.net","author_name":"Tar\u0131k","author_url":"https:\/\/narteks.net\/index.php\/author\/narbak\/","title":"Fransa'da S\u0131n\u0131f sava\u015f\u0131mlar\u0131 (3.B\u00f6l\u00fcm) | Karl Marks","type":"rich","width":600,"height":338,"html":"<blockquote class=\"wp-embedded-content\" data-secret=\"jLWmavPEej\"><a href=\"https:\/\/narteks.net\/index.php\/2011\/03\/08\/fransada-sinif-savasimlari-3bolum-karl-marks\/\">Fransa&#8217;da S\u0131n\u0131f sava\u015f\u0131mlar\u0131 (3.B\u00f6l\u00fcm) | Karl Marks<\/a><\/blockquote><iframe sandbox=\"allow-scripts\" security=\"restricted\" src=\"https:\/\/narteks.net\/index.php\/2011\/03\/08\/fransada-sinif-savasimlari-3bolum-karl-marks\/embed\/#?secret=jLWmavPEej\" width=\"600\" height=\"338\" title=\"&#8220;Fransa&#8217;da S\u0131n\u0131f sava\u015f\u0131mlar\u0131 (3.B\u00f6l\u00fcm) | Karl Marks&#8221; &#8212; narteks.net\" data-secret=\"jLWmavPEej\" frameborder=\"0\" marginwidth=\"0\" marginheight=\"0\" scrolling=\"no\" class=\"wp-embedded-content\"><\/iframe><script type=\"text\/javascript\">\n\/* <![CDATA[ *\/\n\/*! This file is auto-generated *\/\n!function(d,l){\"use strict\";l.querySelector&&d.addEventListener&&\"undefined\"!=typeof URL&&(d.wp=d.wp||{},d.wp.receiveEmbedMessage||(d.wp.receiveEmbedMessage=function(e){var t=e.data;if((t||t.secret||t.message||t.value)&&!\/[^a-zA-Z0-9]\/.test(t.secret)){for(var s,r,n,a=l.querySelectorAll('iframe[data-secret=\"'+t.secret+'\"]'),o=l.querySelectorAll('blockquote[data-secret=\"'+t.secret+'\"]'),c=new RegExp(\"^https?:$\",\"i\"),i=0;i<o.length;i++)o[i].style.display=\"none\";for(i=0;i<a.length;i++)s=a[i],e.source===s.contentWindow&&(s.removeAttribute(\"style\"),\"height\"===t.message?(1e3<(r=parseInt(t.value,10))?r=1e3:~~r<200&&(r=200),s.height=r):\"link\"===t.message&&(r=new URL(s.getAttribute(\"src\")),n=new URL(t.value),c.test(n.protocol))&&n.host===r.host&&l.activeElement===s&&(d.top.location.href=t.value))}},d.addEventListener(\"message\",d.wp.receiveEmbedMessage,!1),l.addEventListener(\"DOMContentLoaded\",function(){for(var e,t,s=l.querySelectorAll(\"iframe.wp-embedded-content\"),r=0;r<s.length;r++)(t=(e=s[r]).getAttribute(\"data-secret\"))||(t=Math.random().toString(36).substring(2,12),e.src+=\"#?secret=\"+t,e.setAttribute(\"data-secret\",t)),e.contentWindow.postMessage({message:\"ready\",secret:t},\"*\")},!1)))}(window,document);\n\/\/# sourceURL=https:\/\/narteks.net\/wp-includes\/js\/wp-embed.min.js\n\/* ]]> *\/\n<\/script>\n","description":"Kurucu Meclis ile cumhurba\u015fkan\u0131 aras\u0131ndaki anla\u015fmazl\u0131kta, Kurucu Meclis, \u00e7\u0131kt\u0131\u011f\u0131 yere, kendi k\u00f6kenine d\u00f6ner gibi (sayfa 295) genel se\u00e7imlere gidemezdi, \u00e7\u00fcnk\u00fc, onu, genel oya havale ederlerdi. Kurucu Meclis, hi\u00e7 bir nizami iktidardan destek g\u00f6remezdi, \u00e7\u00fcnk\u00fc, yasal iktidara kar\u015f\u0131 sava\u015f\u0131m s\u00f6zkonusuydu. 6 ve 26 Ocakta yeniden denedi\u011fi gibi, kabineyi g\u00fcvensizlik oyu ile d\u00fc\u015f\u00fcremiyordu, \u00e7\u00fcnk\u00fc kabine, ondan, g\u00fcven [&hellip;]","thumbnail_url":"https:\/\/narteks.net\/wp-content\/uploads\/narteks.png","thumbnail_width":300,"thumbnail_height":90}