{"version":"1.0","provider_name":"narteks.net","provider_url":"https:\/\/narteks.net","author_name":"Tar\u0131k","author_url":"https:\/\/narteks.net\/index.php\/author\/narbak\/","title":"Diyalektik D\u00fc\u015f\u00fcnce Tarihi | Selahaddin Hilav","type":"rich","width":600,"height":338,"html":"<blockquote class=\"wp-embedded-content\" data-secret=\"7iXNOSzxxP\"><a href=\"https:\/\/narteks.net\/index.php\/2011\/03\/09\/diyalektik-dusunce-tarihi-selahaddin-hilav\/\">Diyalektik D\u00fc\u015f\u00fcnce Tarihi | Selahaddin Hilav<\/a><\/blockquote><iframe sandbox=\"allow-scripts\" security=\"restricted\" src=\"https:\/\/narteks.net\/index.php\/2011\/03\/09\/diyalektik-dusunce-tarihi-selahaddin-hilav\/embed\/#?secret=7iXNOSzxxP\" width=\"600\" height=\"338\" title=\"&#8220;Diyalektik D\u00fc\u015f\u00fcnce Tarihi | Selahaddin Hilav&#8221; &#8212; narteks.net\" data-secret=\"7iXNOSzxxP\" frameborder=\"0\" marginwidth=\"0\" marginheight=\"0\" scrolling=\"no\" class=\"wp-embedded-content\"><\/iframe><script type=\"text\/javascript\">\n\/* <![CDATA[ *\/\n\/*! This file is auto-generated *\/\n!function(d,l){\"use strict\";l.querySelector&&d.addEventListener&&\"undefined\"!=typeof URL&&(d.wp=d.wp||{},d.wp.receiveEmbedMessage||(d.wp.receiveEmbedMessage=function(e){var t=e.data;if((t||t.secret||t.message||t.value)&&!\/[^a-zA-Z0-9]\/.test(t.secret)){for(var s,r,n,a=l.querySelectorAll('iframe[data-secret=\"'+t.secret+'\"]'),o=l.querySelectorAll('blockquote[data-secret=\"'+t.secret+'\"]'),c=new RegExp(\"^https?:$\",\"i\"),i=0;i<o.length;i++)o[i].style.display=\"none\";for(i=0;i<a.length;i++)s=a[i],e.source===s.contentWindow&&(s.removeAttribute(\"style\"),\"height\"===t.message?(1e3<(r=parseInt(t.value,10))?r=1e3:~~r<200&&(r=200),s.height=r):\"link\"===t.message&&(r=new URL(s.getAttribute(\"src\")),n=new URL(t.value),c.test(n.protocol))&&n.host===r.host&&l.activeElement===s&&(d.top.location.href=t.value))}},d.addEventListener(\"message\",d.wp.receiveEmbedMessage,!1),l.addEventListener(\"DOMContentLoaded\",function(){for(var e,t,s=l.querySelectorAll(\"iframe.wp-embedded-content\"),r=0;r<s.length;r++)(t=(e=s[r]).getAttribute(\"data-secret\"))||(t=Math.random().toString(36).substring(2,12),e.src+=\"#?secret=\"+t,e.setAttribute(\"data-secret\",t)),e.contentWindow.postMessage({message:\"ready\",secret:t},\"*\")},!1)))}(window,document);\n\/\/# sourceURL=https:\/\/narteks.net\/wp-includes\/js\/wp-embed.min.js\n\/* ]]> *\/\n<\/script>\n","description":"Do\u011fu halklar\u0131nda metafizik d\u00fc\u015f\u00fcncenin g\u00fcn\u00fcm\u00fcze kadar a\u011f\u0131r bast\u0131\u011f\u0131 a\u00e7\u0131k\u00e7a g\u00f6r\u00fclmektedir. Eski do\u011fu felsefesinin en temel \u00f6zelli\u011fi dura\u011fan (statik) ve de\u011fi\u015fmez bir d\u00fcnya g\u00f6r\u00fc\u015f\u00fcne dayanm\u0131\u015f olmas\u0131d\u0131r. \u00c7inliler ve Hintliler e\u015fyan\u0131n \u00f6z\u00fcn\u00fc, yani cevherini hi\u00e7 de\u011fi\u015fmeyen ve kendi kendine \u00f6zde\u015f olan bir \u015fey olarak g\u00f6r\u00fcrler. \u00c7in felsefesinde birde kar\u015f\u0131tl\u0131klar ilkesinden bahsedilir. \u00c7inliler d\u00fcnyan\u0131n kurulu\u015funda bir tak\u0131m ikilikler [&hellip;]","thumbnail_url":"http:\/\/www.larasayilgan.com\/photos\/uncategorized\/2007\/08\/25\/selahattin_hilav.jpg"}