{"version":"1.0","provider_name":"narteks.net","provider_url":"https:\/\/narteks.net","author_name":"Tar\u0131k","author_url":"https:\/\/narteks.net\/index.php\/author\/narbak\/","title":"Anti-D\u00fchring - Sosyalizm | Teorik Bilgiler - Friedrich Engels","type":"rich","width":600,"height":338,"html":"<blockquote class=\"wp-embedded-content\" data-secret=\"56SlhBsQf8\"><a href=\"https:\/\/narteks.net\/index.php\/2011\/03\/10\/anti-duhring-sosyalizm-teorik-bilgiler-friedrich-engels\/\">Anti-D\u00fchring &#8211; Sosyalizm | Teorik Bilgiler &#8211; Friedrich Engels<\/a><\/blockquote><iframe sandbox=\"allow-scripts\" security=\"restricted\" src=\"https:\/\/narteks.net\/index.php\/2011\/03\/10\/anti-duhring-sosyalizm-teorik-bilgiler-friedrich-engels\/embed\/#?secret=56SlhBsQf8\" width=\"600\" height=\"338\" title=\"&#8220;Anti-D\u00fchring &#8211; Sosyalizm | Teorik Bilgiler &#8211; Friedrich Engels&#8221; &#8212; narteks.net\" data-secret=\"56SlhBsQf8\" frameborder=\"0\" marginwidth=\"0\" marginheight=\"0\" scrolling=\"no\" class=\"wp-embedded-content\"><\/iframe><script type=\"text\/javascript\">\n\/* <![CDATA[ *\/\n\/*! This file is auto-generated *\/\n!function(d,l){\"use strict\";l.querySelector&&d.addEventListener&&\"undefined\"!=typeof URL&&(d.wp=d.wp||{},d.wp.receiveEmbedMessage||(d.wp.receiveEmbedMessage=function(e){var t=e.data;if((t||t.secret||t.message||t.value)&&!\/[^a-zA-Z0-9]\/.test(t.secret)){for(var s,r,n,a=l.querySelectorAll('iframe[data-secret=\"'+t.secret+'\"]'),o=l.querySelectorAll('blockquote[data-secret=\"'+t.secret+'\"]'),c=new RegExp(\"^https?:$\",\"i\"),i=0;i<o.length;i++)o[i].style.display=\"none\";for(i=0;i<a.length;i++)s=a[i],e.source===s.contentWindow&&(s.removeAttribute(\"style\"),\"height\"===t.message?(1e3<(r=parseInt(t.value,10))?r=1e3:~~r<200&&(r=200),s.height=r):\"link\"===t.message&&(r=new URL(s.getAttribute(\"src\")),n=new URL(t.value),c.test(n.protocol))&&n.host===r.host&&l.activeElement===s&&(d.top.location.href=t.value))}},d.addEventListener(\"message\",d.wp.receiveEmbedMessage,!1),l.addEventListener(\"DOMContentLoaded\",function(){for(var e,t,s=l.querySelectorAll(\"iframe.wp-embedded-content\"),r=0;r<s.length;r++)(t=(e=s[r]).getAttribute(\"data-secret\"))||(t=Math.random().toString(36).substring(2,12),e.src+=\"#?secret=\"+t,e.setAttribute(\"data-secret\",t)),e.contentWindow.postMessage({message:\"ready\",secret:t},\"*\")},!1)))}(window,document);\n\/\/# sourceURL=https:\/\/narteks.net\/wp-includes\/js\/wp-embed.min.js\n\/* ]]> *\/\n<\/script>\n","description":"TEOR\u0130K B\u0130LG\u0130LER Materyalist tarih anlay\u0131\u015f\u0131, \u00fcretimin ve \u00fcretimden sonra, \u00fcretilen \u00fcr\u00fcnlerin de\u011fi\u015fiminin, her toplumsal rejimin temelini olu\u015fturdu\u011fu; tarihte g\u00f6r\u00fclen her toplumda, \u00fcr\u00fcnlerin b\u00f6l\u00fc\u015f\u00fcm\u00fcn\u00fcn, ve \u00fcr\u00fcnlerin b\u00f6l\u00fc\u015f\u00fcm\u00fc ile birlikte, s\u0131n\u0131flar ya da z\u00fcmreler bi\u00e7imindeki toplumsal eklemlenmenin \u00fcretilen \u015feye, bunun \u00fcretili\u015f bi\u00e7imine ve \u00fcretilen \u015feylerin de\u011fi\u015fim tarz\u0131na g\u00f6re d\u00fczenlendi\u011fi tezinden hareket eder. Sonu\u00e7 olarak, b\u00fct\u00fcn toplumsal de\u011fi\u015fikliklerin [&hellip;]","thumbnail_url":"https:\/\/narteks.net\/wp-content\/uploads\/narteks.png","thumbnail_width":300,"thumbnail_height":90}