{"version":"1.0","provider_name":"narteks.net","provider_url":"https:\/\/narteks.net","author_name":"Tar\u0131k","author_url":"https:\/\/narteks.net\/index.php\/author\/narbak\/","title":"Fransa'da \u0130\u00e7 Sava\u015f | U\u0130BGK'nin \u00c7a\u011fr\u0131s\u0131 (1.b\u00f6l\u00fcm)","type":"rich","width":600,"height":338,"html":"<blockquote class=\"wp-embedded-content\" data-secret=\"e4dhqEJ80a\"><a href=\"https:\/\/narteks.net\/index.php\/2011\/03\/10\/fransada-ic-savas-uibgknin-cagrisi-1bolum\/\">Fransa&#8217;da \u0130\u00e7 Sava\u015f | U\u0130BGK&#8217;nin \u00c7a\u011fr\u0131s\u0131 (1.b\u00f6l\u00fcm)<\/a><\/blockquote><iframe sandbox=\"allow-scripts\" security=\"restricted\" src=\"https:\/\/narteks.net\/index.php\/2011\/03\/10\/fransada-ic-savas-uibgknin-cagrisi-1bolum\/embed\/#?secret=e4dhqEJ80a\" width=\"600\" height=\"338\" title=\"&#8220;Fransa&#8217;da \u0130\u00e7 Sava\u015f | U\u0130BGK&#8217;nin \u00c7a\u011fr\u0131s\u0131 (1.b\u00f6l\u00fcm)&#8221; &#8212; narteks.net\" data-secret=\"e4dhqEJ80a\" frameborder=\"0\" marginwidth=\"0\" marginheight=\"0\" scrolling=\"no\" class=\"wp-embedded-content\"><\/iframe><script>\n\/*! This file is auto-generated *\/\n!function(d,l){\"use strict\";l.querySelector&&d.addEventListener&&\"undefined\"!=typeof URL&&(d.wp=d.wp||{},d.wp.receiveEmbedMessage||(d.wp.receiveEmbedMessage=function(e){var t=e.data;if((t||t.secret||t.message||t.value)&&!\/[^a-zA-Z0-9]\/.test(t.secret)){for(var s,r,n,a=l.querySelectorAll('iframe[data-secret=\"'+t.secret+'\"]'),o=l.querySelectorAll('blockquote[data-secret=\"'+t.secret+'\"]'),c=new RegExp(\"^https?:$\",\"i\"),i=0;i<o.length;i++)o[i].style.display=\"none\";for(i=0;i<a.length;i++)s=a[i],e.source===s.contentWindow&&(s.removeAttribute(\"style\"),\"height\"===t.message?(1e3<(r=parseInt(t.value,10))?r=1e3:~~r<200&&(r=200),s.height=r):\"link\"===t.message&&(r=new URL(s.getAttribute(\"src\")),n=new URL(t.value),c.test(n.protocol))&&n.host===r.host&&l.activeElement===s&&(d.top.location.href=t.value))}},d.addEventListener(\"message\",d.wp.receiveEmbedMessage,!1),l.addEventListener(\"DOMContentLoaded\",function(){for(var e,t,s=l.querySelectorAll(\"iframe.wp-embedded-content\"),r=0;r<s.length;r++)(t=(e=s[r]).getAttribute(\"data-secret\"))||(t=Math.random().toString(36).substring(2,12),e.src+=\"#?secret=\"+t,e.setAttribute(\"data-secret\",t)),e.contentWindow.postMessage({message:\"ready\",secret:t},\"*\")},!1)))}(window,document);\n\/\/# sourceURL=https:\/\/narteks.net\/wp-includes\/js\/wp-embed.min.js\n<\/script>\n","description":"ULUSLARARASI \u0130\u015e\u00c7\u0130 B\u0130RL\u0130\u011e\u0130 GENEL KONSEY\u0130N\u0130N \u00c7A\u011eRISI AVRUPA VE B\u0130RLE\u015e\u0130K DEVLETLER&#8217;DEK\u0130 T\u00dcM B\u0130RL\u0130K \u00dcYELER\u0130NE 4 Eyl\u00fcl 1870 g\u00fcn\u00fc, Paris i\u015f\u00e7ileri, hemen hemen bir anda Fransa&#8217;n\u0131n bir ucundan \u00f6b\u00fcr ucuna, bir tek uyumsuz ses \u00e7\u0131kmaks\u0131z\u0131n alk\u0131\u015flanan cumhuriyeti il\u00e2n ettikleri zaman, devlet adam\u0131 olarak Thiers ve general olarak Trochu ile birlikte, mevki pe\u015finde ko\u015fan bir entrikac\u0131 avukatlar toplulu\u011fu, [&hellip;]","thumbnail_url":"https:\/\/narteks.net\/wp-content\/uploads\/narteks.png","thumbnail_width":300,"thumbnail_height":90}