{"version":"1.0","provider_name":"narteks.net","provider_url":"https:\/\/narteks.net","author_name":"Tar\u0131k","author_url":"https:\/\/narteks.net\/index.php\/author\/narbak\/","title":"K\u00f6yl\u00fcler Sava\u015f\u0131 | Birinci B\u00f6l\u00fcm - Friedrich Engels","type":"rich","width":600,"height":338,"html":"<blockquote class=\"wp-embedded-content\" data-secret=\"SYiPpA4noO\"><a href=\"https:\/\/narteks.net\/index.php\/2011\/03\/10\/koyluler-savasi-birinci-bolum-friedrich-engels\/\">K\u00f6yl\u00fcler Sava\u015f\u0131 | Birinci B\u00f6l\u00fcm &#8211; Friedrich Engels<\/a><\/blockquote><iframe sandbox=\"allow-scripts\" security=\"restricted\" src=\"https:\/\/narteks.net\/index.php\/2011\/03\/10\/koyluler-savasi-birinci-bolum-friedrich-engels\/embed\/#?secret=SYiPpA4noO\" width=\"600\" height=\"338\" title=\"&#8220;K\u00f6yl\u00fcler Sava\u015f\u0131 | Birinci B\u00f6l\u00fcm &#8211; Friedrich Engels&#8221; &#8212; narteks.net\" data-secret=\"SYiPpA4noO\" frameborder=\"0\" marginwidth=\"0\" marginheight=\"0\" scrolling=\"no\" class=\"wp-embedded-content\"><\/iframe><script>\n\/*! This file is auto-generated *\/\n!function(d,l){\"use strict\";l.querySelector&&d.addEventListener&&\"undefined\"!=typeof URL&&(d.wp=d.wp||{},d.wp.receiveEmbedMessage||(d.wp.receiveEmbedMessage=function(e){var t=e.data;if((t||t.secret||t.message||t.value)&&!\/[^a-zA-Z0-9]\/.test(t.secret)){for(var s,r,n,a=l.querySelectorAll('iframe[data-secret=\"'+t.secret+'\"]'),o=l.querySelectorAll('blockquote[data-secret=\"'+t.secret+'\"]'),c=new RegExp(\"^https?:$\",\"i\"),i=0;i<o.length;i++)o[i].style.display=\"none\";for(i=0;i<a.length;i++)s=a[i],e.source===s.contentWindow&&(s.removeAttribute(\"style\"),\"height\"===t.message?(1e3<(r=parseInt(t.value,10))?r=1e3:~~r<200&&(r=200),s.height=r):\"link\"===t.message&&(r=new URL(s.getAttribute(\"src\")),n=new URL(t.value),c.test(n.protocol))&&n.host===r.host&&l.activeElement===s&&(d.top.location.href=t.value))}},d.addEventListener(\"message\",d.wp.receiveEmbedMessage,!1),l.addEventListener(\"DOMContentLoaded\",function(){for(var e,t,s=l.querySelectorAll(\"iframe.wp-embedded-content\"),r=0;r<s.length;r++)(t=(e=s[r]).getAttribute(\"data-secret\"))||(t=Math.random().toString(36).substring(2,12),e.src+=\"#?secret=\"+t,e.setAttribute(\"data-secret\",t)),e.contentWindow.postMessage({message:\"ready\",secret:t},\"*\")},!1)))}(window,document);\n\/\/# sourceURL=https:\/\/narteks.net\/wp-includes\/js\/wp-embed.min.js\n<\/script>\n","description":"Alman halk\u0131n\u0131n da, kendi devrimci gelenekleri var. Ge\u00e7mi\u015fte Almanya&#8217;n\u0131n, \u00f6b\u00fcr \u00fclkelerin en iyi devrimcileri ile \u00f6l\u00e7\u00fc\u015ft\u00fcr\u00fclebilir adamlar yeti\u015ftirdi\u011fi, Alman halk\u0131n\u0131n, merkezle\u015ftirilmi\u015f bir ulusta, en b\u00fcy\u00fck sonu\u00e7lar\u0131 verebilecek bir dayan\u0131rl\u0131k ve bir erke g\u00f6sterdi\u011fi, Alman k\u00f6yl\u00fcleri ve halktan kimselerinin (pl\u00e9b\u00e9iens), ard\u0131llar\u0131n\u0131n bug\u00fcn bile \u00e7o\u011fu kez \u00fcrk\u00fcnt\u00fc duyduklar\u0131 d\u00fc\u015f\u00fcnce ve tasar\u0131lar besledikleri bir zaman oldu. \u0130ki y\u0131ll\u0131k [&hellip;]","thumbnail_url":"http:\/\/i45.tinypic.com\/i78qpw.jpg"}