{"version":"1.0","provider_name":"narteks.net","provider_url":"https:\/\/narteks.net","author_name":"Tar\u0131k","author_url":"https:\/\/narteks.net\/index.php\/author\/narbak\/","title":"K\u00fclt\u00fcr End\u00fcstrisi ve Kentli \u00c2\u015f\u0131k | Seda Uyan\u0131k","type":"rich","width":600,"height":338,"html":"<blockquote class=\"wp-embedded-content\" data-secret=\"KPcKjpPPGH\"><a href=\"https:\/\/narteks.net\/index.php\/2011\/03\/13\/kueltuer-enduestrisi-ve-kentli-ak-seda-uyank\/\">K\u00fclt\u00fcr End\u00fcstrisi ve Kentli \u00c2\u015f\u0131k | Seda Uyan\u0131k<\/a><\/blockquote><iframe sandbox=\"allow-scripts\" security=\"restricted\" src=\"https:\/\/narteks.net\/index.php\/2011\/03\/13\/kueltuer-enduestrisi-ve-kentli-ak-seda-uyank\/embed\/#?secret=KPcKjpPPGH\" width=\"600\" height=\"338\" title=\"&#8220;K\u00fclt\u00fcr End\u00fcstrisi ve Kentli \u00c2\u015f\u0131k | Seda Uyan\u0131k&#8221; &#8212; narteks.net\" data-secret=\"KPcKjpPPGH\" frameborder=\"0\" marginwidth=\"0\" marginheight=\"0\" scrolling=\"no\" class=\"wp-embedded-content\"><\/iframe><script>\n\/*! This file is auto-generated *\/\n!function(d,l){\"use strict\";l.querySelector&&d.addEventListener&&\"undefined\"!=typeof URL&&(d.wp=d.wp||{},d.wp.receiveEmbedMessage||(d.wp.receiveEmbedMessage=function(e){var t=e.data;if((t||t.secret||t.message||t.value)&&!\/[^a-zA-Z0-9]\/.test(t.secret)){for(var s,r,n,a=l.querySelectorAll('iframe[data-secret=\"'+t.secret+'\"]'),o=l.querySelectorAll('blockquote[data-secret=\"'+t.secret+'\"]'),c=new RegExp(\"^https?:$\",\"i\"),i=0;i<o.length;i++)o[i].style.display=\"none\";for(i=0;i<a.length;i++)s=a[i],e.source===s.contentWindow&&(s.removeAttribute(\"style\"),\"height\"===t.message?(1e3<(r=parseInt(t.value,10))?r=1e3:~~r<200&&(r=200),s.height=r):\"link\"===t.message&&(r=new URL(s.getAttribute(\"src\")),n=new URL(t.value),c.test(n.protocol))&&n.host===r.host&&l.activeElement===s&&(d.top.location.href=t.value))}},d.addEventListener(\"message\",d.wp.receiveEmbedMessage,!1),l.addEventListener(\"DOMContentLoaded\",function(){for(var e,t,s=l.querySelectorAll(\"iframe.wp-embedded-content\"),r=0;r<s.length;r++)(t=(e=s[r]).getAttribute(\"data-secret\"))||(t=Math.random().toString(36).substring(2,12),e.src+=\"#?secret=\"+t,e.setAttribute(\"data-secret\",t)),e.contentWindow.postMessage({message:\"ready\",secret:t},\"*\")},!1)))}(window,document);\n\/\/# sourceURL=https:\/\/narteks.net\/wp-includes\/js\/wp-embed.min.js\n<\/script>\n","description":"G\u00fcn\u00fcm\u00fcz k\u00fclt\u00fcr end\u00fcstrisinde halka ula\u015fmak, halkla ileti\u015fim kurmak i\u00e7in gelene\u011fe, eskiye, Anadolu\u2019ya \u00f6zg\u00fc unsurlara ba\u015fvurulmas\u0131 dikkat \u00e7ekicidir. K\u00fcreselle\u015fen d\u00fcnya ve bu s\u00fcre\u00e7 i\u00e7erisinde halk\u0131n se\u00e7imlerinin de\u011fi\u015fmesiyle, halk k\u00fclt\u00fcr\u00fcn\u00fcn bir par\u00e7as\u0131 olan halk \u015fiiri ve t\u00fcrk\u00fcler de teknolojinin olanaklar\u0131ndan faydalan\u0131larak bir yeniden \u00fcretime tabi tutulmu\u015ftur. Bu yeniden \u00fcretimin baz\u0131 nedenlerine de\u011finen Theodor W. Adorno,\u201cK\u00fclt\u00fcr End\u00fcstrisini Yeniden [&hellip;]","thumbnail_url":"https:\/\/narteks.net\/wp-content\/uploads\/narteks.png","thumbnail_width":300,"thumbnail_height":90}