{"version":"1.0","provider_name":"narteks.net","provider_url":"https:\/\/narteks.net","author_name":"Tar\u0131k","author_url":"https:\/\/narteks.net\/index.php\/author\/narbak\/","title":"Ayd\u0131n ve \u0130ktidar | Bengi \u015eano","type":"rich","width":600,"height":338,"html":"<blockquote class=\"wp-embedded-content\" data-secret=\"23GnFQ2k37\"><a href=\"https:\/\/narteks.net\/index.php\/2011\/03\/16\/aydin-ve-iktidar-bengi-sano\/\">Ayd\u0131n ve \u0130ktidar | Bengi \u015eano<\/a><\/blockquote><iframe sandbox=\"allow-scripts\" security=\"restricted\" src=\"https:\/\/narteks.net\/index.php\/2011\/03\/16\/aydin-ve-iktidar-bengi-sano\/embed\/#?secret=23GnFQ2k37\" width=\"600\" height=\"338\" title=\"&#8220;Ayd\u0131n ve \u0130ktidar | Bengi \u015eano&#8221; &#8212; narteks.net\" data-secret=\"23GnFQ2k37\" frameborder=\"0\" marginwidth=\"0\" marginheight=\"0\" scrolling=\"no\" class=\"wp-embedded-content\"><\/iframe><script type=\"text\/javascript\">\n\/* <![CDATA[ *\/\n\/*! This file is auto-generated *\/\n!function(d,l){\"use strict\";l.querySelector&&d.addEventListener&&\"undefined\"!=typeof URL&&(d.wp=d.wp||{},d.wp.receiveEmbedMessage||(d.wp.receiveEmbedMessage=function(e){var t=e.data;if((t||t.secret||t.message||t.value)&&!\/[^a-zA-Z0-9]\/.test(t.secret)){for(var s,r,n,a=l.querySelectorAll('iframe[data-secret=\"'+t.secret+'\"]'),o=l.querySelectorAll('blockquote[data-secret=\"'+t.secret+'\"]'),c=new RegExp(\"^https?:$\",\"i\"),i=0;i<o.length;i++)o[i].style.display=\"none\";for(i=0;i<a.length;i++)s=a[i],e.source===s.contentWindow&&(s.removeAttribute(\"style\"),\"height\"===t.message?(1e3<(r=parseInt(t.value,10))?r=1e3:~~r<200&&(r=200),s.height=r):\"link\"===t.message&&(r=new URL(s.getAttribute(\"src\")),n=new URL(t.value),c.test(n.protocol))&&n.host===r.host&&l.activeElement===s&&(d.top.location.href=t.value))}},d.addEventListener(\"message\",d.wp.receiveEmbedMessage,!1),l.addEventListener(\"DOMContentLoaded\",function(){for(var e,t,s=l.querySelectorAll(\"iframe.wp-embedded-content\"),r=0;r<s.length;r++)(t=(e=s[r]).getAttribute(\"data-secret\"))||(t=Math.random().toString(36).substring(2,12),e.src+=\"#?secret=\"+t,e.setAttribute(\"data-secret\",t)),e.contentWindow.postMessage({message:\"ready\",secret:t},\"*\")},!1)))}(window,document);\n\/\/# sourceURL=https:\/\/narteks.net\/wp-includes\/js\/wp-embed.min.js\n\/* ]]> *\/\n<\/script>\n","description":"Son d\u00f6nemlerde kendilerine liberal ayd\u0131nlar denen kesim, \u00fcmitlerini ba\u011flad\u0131klar\u0131 Akp iktidar\u0131n\u0131n,\u00a0 beklentilerini berhava edecek \u015fekilde otoriter, gerici tutumlar i\u00e7ine girmesi kar\u015f\u0131s\u0131nda kendi dizlerine vurup a\u011fl\u0131yor. Demokratik \u00fclke beklentilerini sa\u011f muhafazakar akp iktidar\u0131 da ger\u00e7ekle\u015ftiremeyecek ne yaz\u0131kki. Hal b\u00f6yleyken bizde mevzuya en temelden yani i\u015fin kavramsal y\u00f6n\u00fcnden, ayd\u0131n kavram\u0131ndan\u00a0 giri\u015f yapal\u0131m. Ayd\u0131n olma, ad\u0131ndan da anla\u015f\u0131laca\u011f\u0131 [&hellip;]","thumbnail_url":"https:\/\/encrypted-tbn0.gstatic.com\/images?q=tbn:ANd9GcR2RUxKoD1mpsZtvRoWYPP0GTICRwVBDKbz2loMls-pF3VXG6OBBw"}