{"version":"1.0","provider_name":"narteks.net","provider_url":"https:\/\/narteks.net","author_name":"Tar\u0131k","author_url":"https:\/\/narteks.net\/index.php\/author\/narbak\/","title":"Zay\u0131f D\u00fc\u015f\u00fcnceye Kar\u015f\u0131: Hak ve Kudret | Ulus Baker","type":"rich","width":600,"height":338,"html":"<blockquote class=\"wp-embedded-content\" data-secret=\"eFQhQ40qep\"><a href=\"https:\/\/narteks.net\/index.php\/2011\/03\/20\/zayif-dusunceye-karsi-hak-ve-kudret-ulus-baker\/\">Zay\u0131f D\u00fc\u015f\u00fcnceye Kar\u015f\u0131: Hak ve Kudret |  Ulus Baker<\/a><\/blockquote><iframe sandbox=\"allow-scripts\" security=\"restricted\" src=\"https:\/\/narteks.net\/index.php\/2011\/03\/20\/zayif-dusunceye-karsi-hak-ve-kudret-ulus-baker\/embed\/#?secret=eFQhQ40qep\" width=\"600\" height=\"338\" title=\"&#8220;Zay\u0131f D\u00fc\u015f\u00fcnceye Kar\u015f\u0131: Hak ve Kudret |  Ulus Baker&#8221; &#8212; narteks.net\" data-secret=\"eFQhQ40qep\" frameborder=\"0\" marginwidth=\"0\" marginheight=\"0\" scrolling=\"no\" class=\"wp-embedded-content\"><\/iframe><script type=\"text\/javascript\">\n\/* <![CDATA[ *\/\n\/*! This file is auto-generated *\/\n!function(d,l){\"use strict\";l.querySelector&&d.addEventListener&&\"undefined\"!=typeof URL&&(d.wp=d.wp||{},d.wp.receiveEmbedMessage||(d.wp.receiveEmbedMessage=function(e){var t=e.data;if((t||t.secret||t.message||t.value)&&!\/[^a-zA-Z0-9]\/.test(t.secret)){for(var s,r,n,a=l.querySelectorAll('iframe[data-secret=\"'+t.secret+'\"]'),o=l.querySelectorAll('blockquote[data-secret=\"'+t.secret+'\"]'),c=new RegExp(\"^https?:$\",\"i\"),i=0;i<o.length;i++)o[i].style.display=\"none\";for(i=0;i<a.length;i++)s=a[i],e.source===s.contentWindow&&(s.removeAttribute(\"style\"),\"height\"===t.message?(1e3<(r=parseInt(t.value,10))?r=1e3:~~r<200&&(r=200),s.height=r):\"link\"===t.message&&(r=new URL(s.getAttribute(\"src\")),n=new URL(t.value),c.test(n.protocol))&&n.host===r.host&&l.activeElement===s&&(d.top.location.href=t.value))}},d.addEventListener(\"message\",d.wp.receiveEmbedMessage,!1),l.addEventListener(\"DOMContentLoaded\",function(){for(var e,t,s=l.querySelectorAll(\"iframe.wp-embedded-content\"),r=0;r<s.length;r++)(t=(e=s[r]).getAttribute(\"data-secret\"))||(t=Math.random().toString(36).substring(2,12),e.src+=\"#?secret=\"+t,e.setAttribute(\"data-secret\",t)),e.contentWindow.postMessage({message:\"ready\",secret:t},\"*\")},!1)))}(window,document);\n\/\/# sourceURL=https:\/\/narteks.net\/wp-includes\/js\/wp-embed.min.js\n\/* ]]> *\/\n<\/script>\n","description":"Olumluluk de\u011ferleri bug\u00fcn kimse taraf\u0131ndan yads\u0131namayacak iki temel mefhum, \u2018hukuk devleti\u2019 ve \u2018insan haklan\u2019 bu yaz\u0131da \u00f6nerece\u011fim bak\u0131\u015f a\u00e7\u0131s\u0131ndan g\u00f6r\u00fcld\u00fcklerinde \u2018zay\u0131f d\u00fc\u015f\u00fcnce\u2019ler gibi belirecekler. Felsefede, toplumsal bilimlerde ve sol ele\u015ftiri geleneklerinde bu mefhumlar son zamanlarda olduk\u00e7a de\u011ferli k\u0131l\u0131nd\u0131lar, hatta bir ara, \u00f6zellikle 12 Eyl\u00fcl\u2019\u00fcn y\u0131k\u0131m\u0131yla sars\u0131lan T\u00fcrkiye\u2019de, d\u00fc\u015f\u00fcnce insanlar\u0131n\u0131n, ayd\u0131nlar\u0131n ve sol-sosyalist fikirlerin temel me\u015fgalesi [&hellip;]","thumbnail_url":"http:\/\/www.fotografya.gen.tr\/cnd\/content\/images\/1_4476_gFqM8XAYEi-200x200.jpg"}