{"version":"1.0","provider_name":"narteks.net","provider_url":"https:\/\/narteks.net","author_name":"Tar\u0131k","author_url":"https:\/\/narteks.net\/index.php\/author\/narbak\/","title":"Sanal Evren ve Haber D\u00fcnyas\u0131 | Jean Baudrillard","type":"rich","width":600,"height":338,"html":"<blockquote class=\"wp-embedded-content\" data-secret=\"XIbeSAzwyN\"><a href=\"https:\/\/narteks.net\/index.php\/2011\/04\/13\/sanal-evren-ve-haber-dunyasi-jean-baudrillard\/\">Sanal Evren ve Haber D\u00fcnyas\u0131 | Jean Baudrillard<\/a><\/blockquote><iframe sandbox=\"allow-scripts\" security=\"restricted\" src=\"https:\/\/narteks.net\/index.php\/2011\/04\/13\/sanal-evren-ve-haber-dunyasi-jean-baudrillard\/embed\/#?secret=XIbeSAzwyN\" width=\"600\" height=\"338\" title=\"&#8220;Sanal Evren ve Haber D\u00fcnyas\u0131 | Jean Baudrillard&#8221; &#8212; narteks.net\" data-secret=\"XIbeSAzwyN\" frameborder=\"0\" marginwidth=\"0\" marginheight=\"0\" scrolling=\"no\" class=\"wp-embedded-content\"><\/iframe><script type=\"text\/javascript\">\n\/* <![CDATA[ *\/\n\/*! This file is auto-generated *\/\n!function(d,l){\"use strict\";l.querySelector&&d.addEventListener&&\"undefined\"!=typeof URL&&(d.wp=d.wp||{},d.wp.receiveEmbedMessage||(d.wp.receiveEmbedMessage=function(e){var t=e.data;if((t||t.secret||t.message||t.value)&&!\/[^a-zA-Z0-9]\/.test(t.secret)){for(var s,r,n,a=l.querySelectorAll('iframe[data-secret=\"'+t.secret+'\"]'),o=l.querySelectorAll('blockquote[data-secret=\"'+t.secret+'\"]'),c=new RegExp(\"^https?:$\",\"i\"),i=0;i<o.length;i++)o[i].style.display=\"none\";for(i=0;i<a.length;i++)s=a[i],e.source===s.contentWindow&&(s.removeAttribute(\"style\"),\"height\"===t.message?(1e3<(r=parseInt(t.value,10))?r=1e3:~~r<200&&(r=200),s.height=r):\"link\"===t.message&&(r=new URL(s.getAttribute(\"src\")),n=new URL(t.value),c.test(n.protocol))&&n.host===r.host&&l.activeElement===s&&(d.top.location.href=t.value))}},d.addEventListener(\"message\",d.wp.receiveEmbedMessage,!1),l.addEventListener(\"DOMContentLoaded\",function(){for(var e,t,s=l.querySelectorAll(\"iframe.wp-embedded-content\"),r=0;r<s.length;r++)(t=(e=s[r]).getAttribute(\"data-secret\"))||(t=Math.random().toString(36).substring(2,12),e.src+=\"#?secret=\"+t,e.setAttribute(\"data-secret\",t)),e.contentWindow.postMessage({message:\"ready\",secret:t},\"*\")},!1)))}(window,document);\n\/\/# sourceURL=https:\/\/narteks.net\/wp-includes\/js\/wp-embed.min.js\n\/* ]]> *\/\n<\/script>\n","description":"Kafan\u0131zda iki imge canland\u0131r\u0131n. Bunlardan biri: \u0130kiz Kulelerin \u00f6n\u00fcnde bir yerlerdeki s\u0131ralardan birinde, dizleri \u00fczerindeki evrak \u00e7antas\u0131na yap\u0131\u015fm\u0131\u015f vaziyette oturan, bronzdan bir heykel ya da \u015fu Pompei harabelerinde bulunan kavrulmu\u015f insan bedenlerinden birini and\u0131ran ve \u00e7\u00f6km\u00fc\u015f kulelerden ya\u011fan toz topra\u011f\u0131n alt\u0131nda kalm\u0131\u015f teknokrat\u0131n g\u00f6r\u00fcnt\u00fcs\u00fc olsun. Bu teknokrat g\u00f6r\u00fcnt\u00fcs\u00fc sanki \u00f6ng\u00f6r\u00fclemeyen bir felakete u\u011frayan d\u00fcnya \u00e7ap\u0131ndaki [&hellip;]","thumbnail_url":"https:\/\/narteks.net\/wp-content\/uploads\/narteks.png","thumbnail_width":300,"thumbnail_height":90}