{"version":"1.0","provider_name":"narteks.net","provider_url":"https:\/\/narteks.net","author_name":"Tar\u0131k","author_url":"https:\/\/narteks.net\/index.php\/author\/narbak\/","title":"Antonio Gramsci'den Ne \u00d6\u011frenebiliriz? | K\u0131van\u00e7 Ko\u00e7ak","type":"rich","width":600,"height":338,"html":"<blockquote class=\"wp-embedded-content\" data-secret=\"SZH5FVQKPd\"><a href=\"https:\/\/narteks.net\/index.php\/2011\/04\/25\/antonio-gramsciden-ne-ogrenebiliriz-kivanc-kocak\/\">Antonio Gramsci&#8217;den Ne \u00d6\u011frenebiliriz? | K\u0131van\u00e7 Ko\u00e7ak<\/a><\/blockquote><iframe sandbox=\"allow-scripts\" security=\"restricted\" src=\"https:\/\/narteks.net\/index.php\/2011\/04\/25\/antonio-gramsciden-ne-ogrenebiliriz-kivanc-kocak\/embed\/#?secret=SZH5FVQKPd\" width=\"600\" height=\"338\" title=\"&#8220;Antonio Gramsci&#8217;den Ne \u00d6\u011frenebiliriz? | K\u0131van\u00e7 Ko\u00e7ak&#8221; &#8212; narteks.net\" data-secret=\"SZH5FVQKPd\" frameborder=\"0\" marginwidth=\"0\" marginheight=\"0\" scrolling=\"no\" class=\"wp-embedded-content\"><\/iframe><script type=\"text\/javascript\">\n\/* <![CDATA[ *\/\n\/*! This file is auto-generated *\/\n!function(d,l){\"use strict\";l.querySelector&&d.addEventListener&&\"undefined\"!=typeof URL&&(d.wp=d.wp||{},d.wp.receiveEmbedMessage||(d.wp.receiveEmbedMessage=function(e){var t=e.data;if((t||t.secret||t.message||t.value)&&!\/[^a-zA-Z0-9]\/.test(t.secret)){for(var s,r,n,a=l.querySelectorAll('iframe[data-secret=\"'+t.secret+'\"]'),o=l.querySelectorAll('blockquote[data-secret=\"'+t.secret+'\"]'),c=new RegExp(\"^https?:$\",\"i\"),i=0;i<o.length;i++)o[i].style.display=\"none\";for(i=0;i<a.length;i++)s=a[i],e.source===s.contentWindow&&(s.removeAttribute(\"style\"),\"height\"===t.message?(1e3<(r=parseInt(t.value,10))?r=1e3:~~r<200&&(r=200),s.height=r):\"link\"===t.message&&(r=new URL(s.getAttribute(\"src\")),n=new URL(t.value),c.test(n.protocol))&&n.host===r.host&&l.activeElement===s&&(d.top.location.href=t.value))}},d.addEventListener(\"message\",d.wp.receiveEmbedMessage,!1),l.addEventListener(\"DOMContentLoaded\",function(){for(var e,t,s=l.querySelectorAll(\"iframe.wp-embedded-content\"),r=0;r<s.length;r++)(t=(e=s[r]).getAttribute(\"data-secret\"))||(t=Math.random().toString(36).substring(2,12),e.src+=\"#?secret=\"+t,e.setAttribute(\"data-secret\",t)),e.contentWindow.postMessage({message:\"ready\",secret:t},\"*\")},!1)))}(window,document);\n\/\/# sourceURL=https:\/\/narteks.net\/wp-includes\/js\/wp-embed.min.js\n\/* ]]> *\/\n<\/script>\n","description":"Antonio Gramsci, ku\u015fkusuz 20. y\u00fczy\u0131lda ya\u015fam\u0131\u015f en \u00f6nemli Marksist d\u00fc\u015f\u00fcn\u00fcrlerden birisiydi. Teorisyenli\u011fi, siyasal duru\u015fu, m\u00fccadeleden hi\u00e7bir zaman vazge\u00e7meyen inat\u00e7\u0131 ki\u015fili\u011fi onu Marksizmin \u00f6nde gelen isimlerinden birisi haline getirmekle kalmad\u0131, kendi deyimiyle \u201cpraxis felsefesi\u201dne[1] yeni a\u00e7\u0131l\u0131mlar da kazand\u0131rd\u0131. \u00d6zellikle hegemonya sorunu, sivil toplum-devlet ve ayd\u0131nlar-toplum aras\u0131ndaki ili\u015fkiler, k\u00fclt\u00fcr meselesine yakla\u015f\u0131m\u0131 gibi konularda Marksizme yapt\u0131\u011f\u0131 katk\u0131lar onun [&hellip;]","thumbnail_url":"http:\/\/www.retididedalus.it\/Archivi\/2008\/febbraio\/FILOSOFIE_PRESENTE\/gramsci.jpg"}