{"version":"1.0","provider_name":"narteks.net","provider_url":"https:\/\/narteks.net","author_name":"Tar\u0131k","author_url":"https:\/\/narteks.net\/index.php\/author\/narbak\/","title":"Bizim Ahl\u00e2k\u0131m\u0131z - Devrimin Eti\u011fi (2.B\u00f6l\u00fcm) | Norman Geras","type":"rich","width":600,"height":338,"html":"<blockquote class=\"wp-embedded-content\" data-secret=\"rWAqMc1JjB\"><a href=\"https:\/\/narteks.net\/index.php\/2011\/06\/02\/bizim-ahlakimiz-devrimin-etigi-2bolum-norman-geras\/\">Bizim Ahl\u00e2k\u0131m\u0131z &#8211; Devrimin Eti\u011fi (2.B\u00f6l\u00fcm) | Norman Geras<\/a><\/blockquote><iframe sandbox=\"allow-scripts\" security=\"restricted\" src=\"https:\/\/narteks.net\/index.php\/2011\/06\/02\/bizim-ahlakimiz-devrimin-etigi-2bolum-norman-geras\/embed\/#?secret=rWAqMc1JjB\" width=\"600\" height=\"338\" title=\"&#8220;Bizim Ahl\u00e2k\u0131m\u0131z &#8211; Devrimin Eti\u011fi (2.B\u00f6l\u00fcm) | Norman Geras&#8221; &#8212; narteks.net\" data-secret=\"rWAqMc1JjB\" frameborder=\"0\" marginwidth=\"0\" marginheight=\"0\" scrolling=\"no\" class=\"wp-embedded-content\"><\/iframe><script type=\"text\/javascript\">\n\/* <![CDATA[ *\/\n\/*! This file is auto-generated *\/\n!function(d,l){\"use strict\";l.querySelector&&d.addEventListener&&\"undefined\"!=typeof URL&&(d.wp=d.wp||{},d.wp.receiveEmbedMessage||(d.wp.receiveEmbedMessage=function(e){var t=e.data;if((t||t.secret||t.message||t.value)&&!\/[^a-zA-Z0-9]\/.test(t.secret)){for(var s,r,n,a=l.querySelectorAll('iframe[data-secret=\"'+t.secret+'\"]'),o=l.querySelectorAll('blockquote[data-secret=\"'+t.secret+'\"]'),c=new RegExp(\"^https?:$\",\"i\"),i=0;i<o.length;i++)o[i].style.display=\"none\";for(i=0;i<a.length;i++)s=a[i],e.source===s.contentWindow&&(s.removeAttribute(\"style\"),\"height\"===t.message?(1e3<(r=parseInt(t.value,10))?r=1e3:~~r<200&&(r=200),s.height=r):\"link\"===t.message&&(r=new URL(s.getAttribute(\"src\")),n=new URL(t.value),c.test(n.protocol))&&n.host===r.host&&l.activeElement===s&&(d.top.location.href=t.value))}},d.addEventListener(\"message\",d.wp.receiveEmbedMessage,!1),l.addEventListener(\"DOMContentLoaded\",function(){for(var e,t,s=l.querySelectorAll(\"iframe.wp-embedded-content\"),r=0;r<s.length;r++)(t=(e=s[r]).getAttribute(\"data-secret\"))||(t=Math.random().toString(36).substring(2,12),e.src+=\"#?secret=\"+t,e.setAttribute(\"data-secret\",t)),e.contentWindow.postMessage({message:\"ready\",secret:t},\"*\")},!1)))}(window,document);\n\/\/# sourceURL=https:\/\/narteks.net\/wp-includes\/js\/wp-embed.min.js\n\/* ]]> *\/\n<\/script>\n","description":"Gine\u2019nin s\u00f6m\u00fcrge idaresinden kurtulmas\u0131 i\u00e7in verilen m\u00fccadelede PAIGC (Gine ve Cabo Verde\u2019nin Ba\u011f\u0131ms\u0131zl\u0131\u011f\u0131 \u0130\u00e7in Afrika Partisi) \u201cPortekiz halk\u0131&#8230; Portekizliler ve aileleri\u201d ile \u201cPortekiz s\u00f6m\u00fcrgecili\u011fi\u201d aras\u0131nda bir ayr\u0131m yapm\u0131\u015ft\u0131. Birincisine de\u011fil ikincisine kar\u015f\u0131 sava\u015ft\u0131\u011f\u0131n\u0131 a\u00e7\u0131klam\u0131\u015ft\u0131. G\u00fcney Afrika \u00f6rne\u011finde de yine ANC\u2019\u0131n (Afrika Ulusal Kongresi), silahl\u0131 m\u00fccadelesinin hedeflerinin polis ve askerler oldu\u011funu siviller olmad\u0131\u011f\u0131n\u0131 beyan eden a\u00e7\u0131klamalar\u0131 [&hellip;]","thumbnail_url":"https:\/\/narteks.net\/wp-content\/uploads\/narteks.png","thumbnail_width":300,"thumbnail_height":90}