{"version":"1.0","provider_name":"narteks.net","provider_url":"https:\/\/narteks.net","author_name":"Tar\u0131k","author_url":"https:\/\/narteks.net\/index.php\/author\/narbak\/","title":"Trajik ile Komik (2.B\u00f6l\u00fcm) | Avner Ziss","type":"rich","width":600,"height":338,"html":"<blockquote class=\"wp-embedded-content\" data-secret=\"aqnu4LGYZZ\"><a href=\"https:\/\/narteks.net\/index.php\/2011\/06\/02\/trajik-ile-komik-2bolum-avner-ziss\/\">Trajik ile Komik (2.B\u00f6l\u00fcm) | Avner Ziss<\/a><\/blockquote><iframe sandbox=\"allow-scripts\" security=\"restricted\" src=\"https:\/\/narteks.net\/index.php\/2011\/06\/02\/trajik-ile-komik-2bolum-avner-ziss\/embed\/#?secret=aqnu4LGYZZ\" width=\"600\" height=\"338\" title=\"&#8220;Trajik ile Komik (2.B\u00f6l\u00fcm) | Avner Ziss&#8221; &#8212; narteks.net\" data-secret=\"aqnu4LGYZZ\" frameborder=\"0\" marginwidth=\"0\" marginheight=\"0\" scrolling=\"no\" class=\"wp-embedded-content\"><\/iframe><script type=\"text\/javascript\">\n\/* <![CDATA[ *\/\n\/*! This file is auto-generated *\/\n!function(d,l){\"use strict\";l.querySelector&&d.addEventListener&&\"undefined\"!=typeof URL&&(d.wp=d.wp||{},d.wp.receiveEmbedMessage||(d.wp.receiveEmbedMessage=function(e){var t=e.data;if((t||t.secret||t.message||t.value)&&!\/[^a-zA-Z0-9]\/.test(t.secret)){for(var s,r,n,a=l.querySelectorAll('iframe[data-secret=\"'+t.secret+'\"]'),o=l.querySelectorAll('blockquote[data-secret=\"'+t.secret+'\"]'),c=new RegExp(\"^https?:$\",\"i\"),i=0;i<o.length;i++)o[i].style.display=\"none\";for(i=0;i<a.length;i++)s=a[i],e.source===s.contentWindow&&(s.removeAttribute(\"style\"),\"height\"===t.message?(1e3<(r=parseInt(t.value,10))?r=1e3:~~r<200&&(r=200),s.height=r):\"link\"===t.message&&(r=new URL(s.getAttribute(\"src\")),n=new URL(t.value),c.test(n.protocol))&&n.host===r.host&&l.activeElement===s&&(d.top.location.href=t.value))}},d.addEventListener(\"message\",d.wp.receiveEmbedMessage,!1),l.addEventListener(\"DOMContentLoaded\",function(){for(var e,t,s=l.querySelectorAll(\"iframe.wp-embedded-content\"),r=0;r<s.length;r++)(t=(e=s[r]).getAttribute(\"data-secret\"))||(t=Math.random().toString(36).substring(2,12),e.src+=\"#?secret=\"+t,e.setAttribute(\"data-secret\",t)),e.contentWindow.postMessage({message:\"ready\",secret:t},\"*\")},!1)))}(window,document);\n\/\/# sourceURL=https:\/\/narteks.net\/wp-includes\/js\/wp-embed.min.js\n\/* ]]> *\/\n<\/script>\n","description":"B. KOM\u0130K \u0130deolojik ve estetik de\u011feri bak\u0131m\u0131ndan ele al\u0131nd\u0131\u011f\u0131nda, komik (le comique) kategorisi trajik (le tragique) kategorisinden hi\u00e7 de geride kalmaz ve genelde san\u0131ld\u0131\u011f\u0131 gibi sanattaki rol\u00fc de daha \u00f6nemsiz g\u00f6r\u00fclemez. K\u00f6kl\u00fc toplumsal s\u00fcre\u00e7leri, tarihteki \u00e7\u0131\u011f\u0131r a\u00e7\u0131c\u0131 \u00f6nemli d\u00f6nemleri ve ya\u015famdaki derin \u00e7eli\u015fkileri, trajik kadar, komik de dile getirebilir. Ayk\u0131r\u0131 bir d\u00fc\u015f\u00fcnce gibi gelir insana [&hellip;]","thumbnail_url":"https:\/\/narteks.net\/wp-content\/uploads\/narteks.png","thumbnail_width":300,"thumbnail_height":90}