{"version":"1.0","provider_name":"narteks.net","provider_url":"https:\/\/narteks.net","author_name":"Tar\u0131k","author_url":"https:\/\/narteks.net\/index.php\/author\/narbak\/","title":"Newroz ve Karay\u00fczlerin \u015eoven Harek\u00e2t\u0131","type":"rich","width":600,"height":338,"html":"<blockquote class=\"wp-embedded-content\" data-secret=\"JpfNGZ27Lw\"><a href=\"https:\/\/narteks.net\/index.php\/2011\/06\/04\/newroz-ve-karayuzlerin-soven-harekati\/\">Newroz ve Karay\u00fczlerin \u015eoven Harek\u00e2t\u0131<\/a><\/blockquote><iframe sandbox=\"allow-scripts\" security=\"restricted\" src=\"https:\/\/narteks.net\/index.php\/2011\/06\/04\/newroz-ve-karayuzlerin-soven-harekati\/embed\/#?secret=JpfNGZ27Lw\" width=\"600\" height=\"338\" title=\"&#8220;Newroz ve Karay\u00fczlerin \u015eoven Harek\u00e2t\u0131&#8221; &#8212; narteks.net\" data-secret=\"JpfNGZ27Lw\" frameborder=\"0\" marginwidth=\"0\" marginheight=\"0\" scrolling=\"no\" class=\"wp-embedded-content\"><\/iframe><script type=\"text\/javascript\">\n\/* <![CDATA[ *\/\n\/*! This file is auto-generated *\/\n!function(d,l){\"use strict\";l.querySelector&&d.addEventListener&&\"undefined\"!=typeof URL&&(d.wp=d.wp||{},d.wp.receiveEmbedMessage||(d.wp.receiveEmbedMessage=function(e){var t=e.data;if((t||t.secret||t.message||t.value)&&!\/[^a-zA-Z0-9]\/.test(t.secret)){for(var s,r,n,a=l.querySelectorAll('iframe[data-secret=\"'+t.secret+'\"]'),o=l.querySelectorAll('blockquote[data-secret=\"'+t.secret+'\"]'),c=new RegExp(\"^https?:$\",\"i\"),i=0;i<o.length;i++)o[i].style.display=\"none\";for(i=0;i<a.length;i++)s=a[i],e.source===s.contentWindow&&(s.removeAttribute(\"style\"),\"height\"===t.message?(1e3<(r=parseInt(t.value,10))?r=1e3:~~r<200&&(r=200),s.height=r):\"link\"===t.message&&(r=new URL(s.getAttribute(\"src\")),n=new URL(t.value),c.test(n.protocol))&&n.host===r.host&&l.activeElement===s&&(d.top.location.href=t.value))}},d.addEventListener(\"message\",d.wp.receiveEmbedMessage,!1),l.addEventListener(\"DOMContentLoaded\",function(){for(var e,t,s=l.querySelectorAll(\"iframe.wp-embedded-content\"),r=0;r<s.length;r++)(t=(e=s[r]).getAttribute(\"data-secret\"))||(t=Math.random().toString(36).substring(2,12),e.src+=\"#?secret=\"+t,e.setAttribute(\"data-secret\",t)),e.contentWindow.postMessage({message:\"ready\",secret:t},\"*\")},!1)))}(window,document);\n\/\/# sourceURL=https:\/\/narteks.net\/wp-includes\/js\/wp-embed.min.js\n\/* ]]> *\/\n<\/script>\n","description":"Newroz\u2019un aynas\u0131na yans\u0131yanlar \u00dczerinde ya\u015fad\u0131\u011f\u0131m\u0131z topraklar dahil, Ortado\u011fu co\u011frafyas\u0131 i\u00e7in \u00f6zel g\u00fcnler ezilen kitleler nezdinde hep ba\u015fka anlamlar ifade etmi\u015ftir. \u00c7eli\u015fki ve \u00e7at\u0131\u015fmalar\u0131n alabildi\u011fine derin ya\u015fand\u0131\u011f\u0131 bu topraklarda, ezilen ve s\u00f6m\u00fcr\u00fclen kitleler kendi ezilmi\u015fliklerini a\u00e7\u0131\u011fa vuracak ve bunu y\u0131\u011f\u0131nsal olarak \u00f6rg\u00fctleyecek \u00f6zel g\u00fcnler yaratabilmi\u015flerdir. \u0130\u015fte Newroz, ona atfedilen t\u00fcm efsaneleri a\u015farak ezilen K\u00fcrt halk\u0131n\u0131n ba\u015fkald\u0131r\u0131 [&hellip;]","thumbnail_url":"https:\/\/narteks.net\/wp-content\/uploads\/narteks.png","thumbnail_width":300,"thumbnail_height":90}