{"version":"1.0","provider_name":"narteks.net","provider_url":"https:\/\/narteks.net","author_name":"Tar\u0131k","author_url":"https:\/\/narteks.net\/index.php\/author\/narbak\/","title":"Yaln\u0131zl\u0131k ve Dayan\u0131\u015fma | Ali Osman G\u00fcndo\u011fan","type":"rich","width":600,"height":338,"html":"<blockquote class=\"wp-embedded-content\" data-secret=\"II3AJqeplS\"><a href=\"https:\/\/narteks.net\/index.php\/2011\/06\/06\/yalnizlik-ve-dayanisma-ali-osman-gundogan\/\">Yaln\u0131zl\u0131k ve Dayan\u0131\u015fma | Ali Osman G\u00fcndo\u011fan<\/a><\/blockquote><iframe sandbox=\"allow-scripts\" security=\"restricted\" src=\"https:\/\/narteks.net\/index.php\/2011\/06\/06\/yalnizlik-ve-dayanisma-ali-osman-gundogan\/embed\/#?secret=II3AJqeplS\" width=\"600\" height=\"338\" title=\"&#8220;Yaln\u0131zl\u0131k ve Dayan\u0131\u015fma | Ali Osman G\u00fcndo\u011fan&#8221; &#8212; narteks.net\" data-secret=\"II3AJqeplS\" frameborder=\"0\" marginwidth=\"0\" marginheight=\"0\" scrolling=\"no\" class=\"wp-embedded-content\"><\/iframe><script>\n\/*! This file is auto-generated *\/\n!function(d,l){\"use strict\";l.querySelector&&d.addEventListener&&\"undefined\"!=typeof URL&&(d.wp=d.wp||{},d.wp.receiveEmbedMessage||(d.wp.receiveEmbedMessage=function(e){var t=e.data;if((t||t.secret||t.message||t.value)&&!\/[^a-zA-Z0-9]\/.test(t.secret)){for(var s,r,n,a=l.querySelectorAll('iframe[data-secret=\"'+t.secret+'\"]'),o=l.querySelectorAll('blockquote[data-secret=\"'+t.secret+'\"]'),c=new RegExp(\"^https?:$\",\"i\"),i=0;i<o.length;i++)o[i].style.display=\"none\";for(i=0;i<a.length;i++)s=a[i],e.source===s.contentWindow&&(s.removeAttribute(\"style\"),\"height\"===t.message?(1e3<(r=parseInt(t.value,10))?r=1e3:~~r<200&&(r=200),s.height=r):\"link\"===t.message&&(r=new URL(s.getAttribute(\"src\")),n=new URL(t.value),c.test(n.protocol))&&n.host===r.host&&l.activeElement===s&&(d.top.location.href=t.value))}},d.addEventListener(\"message\",d.wp.receiveEmbedMessage,!1),l.addEventListener(\"DOMContentLoaded\",function(){for(var e,t,s=l.querySelectorAll(\"iframe.wp-embedded-content\"),r=0;r<s.length;r++)(t=(e=s[r]).getAttribute(\"data-secret\"))||(t=Math.random().toString(36).substring(2,12),e.src+=\"#?secret=\"+t,e.setAttribute(\"data-secret\",t)),e.contentWindow.postMessage({message:\"ready\",secret:t},\"*\")},!1)))}(window,document);\n\/\/# sourceURL=https:\/\/narteks.net\/wp-includes\/js\/wp-embed.min.js\n<\/script>\n","description":"\u0130nsan varl\u0131\u011f\u0131n\u0131n kendini g\u00f6sterdi\u011fi baz\u0131 temel fenomenler, insanla ilgili baz\u0131 varl\u0131k ko\u015fullar\u0131 vard\u0131r. Bu temel fenomenlerden ya da insan\u0131 belirleyen ko\u015fullardan birisi yaln\u0131zl\u0131k, di\u011feri de dayan\u0131\u015fmad\u0131r. Bu iki hal hem diyalektik bir ili\u015fki i\u00e7inde bulunur, hem de insan varl\u0131\u011f\u0131n\u0131n paradoksal bir y\u00f6n\u00fcn\u00fc belirtir. \u00c7\u00fcnk\u00fc ikisi birbirine kar\u015f\u0131tt\u0131r ama yaln\u0131zl\u0131k dayan\u0131\u015fmaya d\u00f6n\u00fc\u015fmekle ortadan kald\u0131r\u0131lmaya \u00e7al\u0131\u015f\u0131l\u0131rken, ba\u015fkalar\u0131yla [&hellip;]","thumbnail_url":"https:\/\/narteks.net\/wp-content\/uploads\/narteks.png","thumbnail_width":300,"thumbnail_height":90}