{"version":"1.0","provider_name":"narteks.net","provider_url":"https:\/\/narteks.net","author_name":"Tar\u0131k","author_url":"https:\/\/narteks.net\/index.php\/author\/narbak\/","title":"B\u00dcT\u00dcN YOLCULUK BOYUNCA HASRET AYRILMADI BENDEN","type":"rich","width":600,"height":338,"html":"<blockquote class=\"wp-embedded-content\" data-secret=\"SXgEkDwUCZ\"><a href=\"https:\/\/narteks.net\/index.php\/2011\/06\/07\/butun-yolculuk-boyunca-hasret-ayrilmadi-benden\/\">B\u00dcT\u00dcN YOLCULUK BOYUNCA HASRET AYRILMADI BENDEN<\/a><\/blockquote><iframe sandbox=\"allow-scripts\" security=\"restricted\" src=\"https:\/\/narteks.net\/index.php\/2011\/06\/07\/butun-yolculuk-boyunca-hasret-ayrilmadi-benden\/embed\/#?secret=SXgEkDwUCZ\" width=\"600\" height=\"338\" title=\"&#8220;B\u00dcT\u00dcN YOLCULUK BOYUNCA HASRET AYRILMADI BENDEN&#8221; &#8212; narteks.net\" data-secret=\"SXgEkDwUCZ\" frameborder=\"0\" marginwidth=\"0\" marginheight=\"0\" scrolling=\"no\" class=\"wp-embedded-content\"><\/iframe><script type=\"text\/javascript\">\n\/* <![CDATA[ *\/\n\/*! This file is auto-generated *\/\n!function(d,l){\"use strict\";l.querySelector&&d.addEventListener&&\"undefined\"!=typeof URL&&(d.wp=d.wp||{},d.wp.receiveEmbedMessage||(d.wp.receiveEmbedMessage=function(e){var t=e.data;if((t||t.secret||t.message||t.value)&&!\/[^a-zA-Z0-9]\/.test(t.secret)){for(var s,r,n,a=l.querySelectorAll('iframe[data-secret=\"'+t.secret+'\"]'),o=l.querySelectorAll('blockquote[data-secret=\"'+t.secret+'\"]'),c=new RegExp(\"^https?:$\",\"i\"),i=0;i<o.length;i++)o[i].style.display=\"none\";for(i=0;i<a.length;i++)s=a[i],e.source===s.contentWindow&&(s.removeAttribute(\"style\"),\"height\"===t.message?(1e3<(r=parseInt(t.value,10))?r=1e3:~~r<200&&(r=200),s.height=r):\"link\"===t.message&&(r=new URL(s.getAttribute(\"src\")),n=new URL(t.value),c.test(n.protocol))&&n.host===r.host&&l.activeElement===s&&(d.top.location.href=t.value))}},d.addEventListener(\"message\",d.wp.receiveEmbedMessage,!1),l.addEventListener(\"DOMContentLoaded\",function(){for(var e,t,s=l.querySelectorAll(\"iframe.wp-embedded-content\"),r=0;r<s.length;r++)(t=(e=s[r]).getAttribute(\"data-secret\"))||(t=Math.random().toString(36).substring(2,12),e.src+=\"#?secret=\"+t,e.setAttribute(\"data-secret\",t)),e.contentWindow.postMessage({message:\"ready\",secret:t},\"*\")},!1)))}(window,document);\n\/\/# sourceURL=https:\/\/narteks.net\/wp-includes\/js\/wp-embed.min.js\n\/* ]]> *\/\n<\/script>\n","description":"\u00a0 B\u00fct\u00fcn yolculuk boyunca hasret ayr\u0131lmad\u0131 bendeng\u00f6lgem gibi demiyorum\u00e7\u00fcnk\u00fc hasret yan\u0131mdayd\u0131 zifiri karanl\u0131kta daEllerim ayaklar\u0131m gibi de de\u011filuykudayken yitirirsin elini aya\u011f\u0131n\u0131ben hasreti uykuda da yitirmiyordumB\u00fct\u00fcn yolculuk boyunca hasret ayr\u0131lmad\u0131 bendena\u00e7l\u0131kt\u0131, susuzluktu demiyorums\u0131cakta so\u011fu\u011fu, so\u011fukta s\u0131ca\u011f\u0131 aramak gibi de de\u011filgiderilmesi imk\u00e2ns\u0131z bir \u015feyne sevin\u00e7 ne keder\u015fehirlerle bulutlarla t\u00fcrk\u00fclerle de ilgisizi\u00e7imdeydi d\u0131\u015f\u0131mdayd\u0131B\u00fct\u00fcn yolculuk boyunca hasret ayr\u0131lmad\u0131 bendenzaten [&hellip;]","thumbnail_url":"https:\/\/narteks.net\/wp-content\/uploads\/narteks.png","thumbnail_width":300,"thumbnail_height":90}