{"version":"1.0","provider_name":"narteks.net","provider_url":"https:\/\/narteks.net","author_name":"Tar\u0131k","author_url":"https:\/\/narteks.net\/index.php\/author\/narbak\/","title":"S\u0130MAVNE KADISI O\u011eLU \u015eEYH BEDRETT\u0130N DESTANI","type":"rich","width":600,"height":338,"html":"<blockquote class=\"wp-embedded-content\" data-secret=\"MRQsRGdwRF\"><a href=\"https:\/\/narteks.net\/index.php\/2011\/06\/07\/simavne-kadisi-oglu-seyh-bedrettin-destani\/\">S\u0130MAVNE KADISI O\u011eLU \u015eEYH BEDRETT\u0130N DESTANI<\/a><\/blockquote><iframe sandbox=\"allow-scripts\" security=\"restricted\" src=\"https:\/\/narteks.net\/index.php\/2011\/06\/07\/simavne-kadisi-oglu-seyh-bedrettin-destani\/embed\/#?secret=MRQsRGdwRF\" width=\"600\" height=\"338\" title=\"&#8220;S\u0130MAVNE KADISI O\u011eLU \u015eEYH BEDRETT\u0130N DESTANI&#8221; &#8212; narteks.net\" data-secret=\"MRQsRGdwRF\" frameborder=\"0\" marginwidth=\"0\" marginheight=\"0\" scrolling=\"no\" class=\"wp-embedded-content\"><\/iframe><script type=\"text\/javascript\">\n\/* <![CDATA[ *\/\n\/*! This file is auto-generated *\/\n!function(d,l){\"use strict\";l.querySelector&&d.addEventListener&&\"undefined\"!=typeof URL&&(d.wp=d.wp||{},d.wp.receiveEmbedMessage||(d.wp.receiveEmbedMessage=function(e){var t=e.data;if((t||t.secret||t.message||t.value)&&!\/[^a-zA-Z0-9]\/.test(t.secret)){for(var s,r,n,a=l.querySelectorAll('iframe[data-secret=\"'+t.secret+'\"]'),o=l.querySelectorAll('blockquote[data-secret=\"'+t.secret+'\"]'),c=new RegExp(\"^https?:$\",\"i\"),i=0;i<o.length;i++)o[i].style.display=\"none\";for(i=0;i<a.length;i++)s=a[i],e.source===s.contentWindow&&(s.removeAttribute(\"style\"),\"height\"===t.message?(1e3<(r=parseInt(t.value,10))?r=1e3:~~r<200&&(r=200),s.height=r):\"link\"===t.message&&(r=new URL(s.getAttribute(\"src\")),n=new URL(t.value),c.test(n.protocol))&&n.host===r.host&&l.activeElement===s&&(d.top.location.href=t.value))}},d.addEventListener(\"message\",d.wp.receiveEmbedMessage,!1),l.addEventListener(\"DOMContentLoaded\",function(){for(var e,t,s=l.querySelectorAll(\"iframe.wp-embedded-content\"),r=0;r<s.length;r++)(t=(e=s[r]).getAttribute(\"data-secret\"))||(t=Math.random().toString(36).substring(2,12),e.src+=\"#?secret=\"+t,e.setAttribute(\"data-secret\",t)),e.contentWindow.postMessage({message:\"ready\",secret:t},\"*\")},!1)))}(window,document);\n\/\/# sourceURL=https:\/\/narteks.net\/wp-includes\/js\/wp-embed.min.js\n\/* ]]> *\/\n<\/script>\n","description":"Dar\u00fclf\u00fcn\u00fcn \u0130l\u00e2hiyat Fak\u00fcltesi tarihi kel\u00e2m m\u00fcderrisi Mehemmed \u015eerefeddin Efendinin 1925-1341 senesinde Evkaf\u0131 \u0130sl\u00e2miye Matbaas\u0131nda bas\u0131lan \u00abSimavne Kad\u0131s\u0131 o\u011flu Bedreddin\u00bb isimli risalesini okuyordum. Risalenin altm\u0131\u015f be\u015finci sayfas\u0131na gelmi\u015ftim. Cenevizlilere s\u0131rk\u00e2tip olarak hizmet eden Dukas, tarihi kel\u00e2m m\u00fcderrisinin bu altm\u0131\u015f be\u015finci sayfas\u0131nda diyordu ki: \u00abO zamanlarda \u0130yonyen k\u00f6rfezi medhalinde k\u00e2in ve avam lisan\u0131nda Stilaryum &#8211; Karaburun tesmiye [&hellip;]","thumbnail_url":"https:\/\/narteks.net\/wp-content\/uploads\/narteks.png","thumbnail_width":300,"thumbnail_height":90}