{"version":"1.0","provider_name":"narteks.net","provider_url":"https:\/\/narteks.net","author_name":"Tar\u0131k","author_url":"https:\/\/narteks.net\/index.php\/author\/narbak\/","title":"Antonio Gramsci'ye G\u00f6re Tro\u00e7kizm ve 'S\u00fcrekli Devrim'","type":"rich","width":600,"height":338,"html":"<blockquote class=\"wp-embedded-content\" data-secret=\"yEIQ2M8Lbe\"><a href=\"https:\/\/narteks.net\/index.php\/2011\/06\/10\/antonio-gramsciye-gore-trockizm-ve-surekli-devrim\/\">Antonio Gramsci&#8217;ye G\u00f6re Tro\u00e7kizm ve &#8216;S\u00fcrekli Devrim&#8217;<\/a><\/blockquote><iframe sandbox=\"allow-scripts\" security=\"restricted\" src=\"https:\/\/narteks.net\/index.php\/2011\/06\/10\/antonio-gramsciye-gore-trockizm-ve-surekli-devrim\/embed\/#?secret=yEIQ2M8Lbe\" width=\"600\" height=\"338\" title=\"&#8220;Antonio Gramsci&#8217;ye G\u00f6re Tro\u00e7kizm ve &#8216;S\u00fcrekli Devrim&#8217;&#8221; &#8212; narteks.net\" data-secret=\"yEIQ2M8Lbe\" frameborder=\"0\" marginwidth=\"0\" marginheight=\"0\" scrolling=\"no\" class=\"wp-embedded-content\"><\/iframe><script type=\"text\/javascript\">\n\/* <![CDATA[ *\/\n\/*! This file is auto-generated *\/\n!function(d,l){\"use strict\";l.querySelector&&d.addEventListener&&\"undefined\"!=typeof URL&&(d.wp=d.wp||{},d.wp.receiveEmbedMessage||(d.wp.receiveEmbedMessage=function(e){var t=e.data;if((t||t.secret||t.message||t.value)&&!\/[^a-zA-Z0-9]\/.test(t.secret)){for(var s,r,n,a=l.querySelectorAll('iframe[data-secret=\"'+t.secret+'\"]'),o=l.querySelectorAll('blockquote[data-secret=\"'+t.secret+'\"]'),c=new RegExp(\"^https?:$\",\"i\"),i=0;i<o.length;i++)o[i].style.display=\"none\";for(i=0;i<a.length;i++)s=a[i],e.source===s.contentWindow&&(s.removeAttribute(\"style\"),\"height\"===t.message?(1e3<(r=parseInt(t.value,10))?r=1e3:~~r<200&&(r=200),s.height=r):\"link\"===t.message&&(r=new URL(s.getAttribute(\"src\")),n=new URL(t.value),c.test(n.protocol))&&n.host===r.host&&l.activeElement===s&&(d.top.location.href=t.value))}},d.addEventListener(\"message\",d.wp.receiveEmbedMessage,!1),l.addEventListener(\"DOMContentLoaded\",function(){for(var e,t,s=l.querySelectorAll(\"iframe.wp-embedded-content\"),r=0;r<s.length;r++)(t=(e=s[r]).getAttribute(\"data-secret\"))||(t=Math.random().toString(36).substring(2,12),e.src+=\"#?secret=\"+t,e.setAttribute(\"data-secret\",t)),e.contentWindow.postMessage({message:\"ready\",secret:t},\"*\")},!1)))}(window,document);\n\/\/# sourceURL=https:\/\/narteks.net\/wp-includes\/js\/wp-embed.min.js\n\/* ]]> *\/\n<\/script>\n","description":"Tro\u00e7ki\u2019nin hareketin \u201cs\u00fcreklili\u011fi\u201d hakk\u0131ndaki \u015fu \u00fcnl\u00fc teorisinin, hareket sava\u015f\u0131 teorisinin siyaset alan\u0131ndaki bir yans\u0131mas\u0131 olup olmad\u0131\u011f\u0131n\u0131 ara\u015ft\u0131rmak gerekir. Bundan ba\u015fka, yine bu teorinin, ya\u015fam s\u0131n\u0131rlar\u0131n\u0131n embriyon halinde ve gev\u015fek olu\u015fu y\u00fcz\u00fcnden \u201csiper ya da kale\u201d olamayacak bir \u00fclkede (Rusya\u2019da) genel ekonomik-k\u00fclt\u00fcrel-toplumsal ko\u015fullar\u0131n bir yans\u0131mas\u0131 olup olmad\u0131\u011f\u0131n\u0131 belirtmek de yerinde olur. Bu tutumu ile bir \u201cbat\u0131c\u0131\u201d [&hellip;]","thumbnail_url":"https:\/\/narteks.net\/wp-content\/uploads\/narteks.png","thumbnail_width":300,"thumbnail_height":90}