{"version":"1.0","provider_name":"narteks.net","provider_url":"https:\/\/narteks.net","author_name":"Tar\u0131k","author_url":"https:\/\/narteks.net\/index.php\/author\/narbak\/","title":"Liberalizm, kapitalizm ve sol | Fikret Ba\u015fkaya","type":"rich","width":600,"height":338,"html":"<blockquote class=\"wp-embedded-content\" data-secret=\"yehKiXNN5U\"><a href=\"https:\/\/narteks.net\/index.php\/2011\/08\/15\/liberalizm-kapitalizm-ve-sol-fikret-baskaya\/\">Liberalizm, kapitalizm ve sol | Fikret Ba\u015fkaya<\/a><\/blockquote><iframe sandbox=\"allow-scripts\" security=\"restricted\" src=\"https:\/\/narteks.net\/index.php\/2011\/08\/15\/liberalizm-kapitalizm-ve-sol-fikret-baskaya\/embed\/#?secret=yehKiXNN5U\" width=\"600\" height=\"338\" title=\"&#8220;Liberalizm, kapitalizm ve sol | Fikret Ba\u015fkaya&#8221; &#8212; narteks.net\" data-secret=\"yehKiXNN5U\" frameborder=\"0\" marginwidth=\"0\" marginheight=\"0\" scrolling=\"no\" class=\"wp-embedded-content\"><\/iframe><script type=\"text\/javascript\">\n\/* <![CDATA[ *\/\n\/*! This file is auto-generated *\/\n!function(d,l){\"use strict\";l.querySelector&&d.addEventListener&&\"undefined\"!=typeof URL&&(d.wp=d.wp||{},d.wp.receiveEmbedMessage||(d.wp.receiveEmbedMessage=function(e){var t=e.data;if((t||t.secret||t.message||t.value)&&!\/[^a-zA-Z0-9]\/.test(t.secret)){for(var s,r,n,a=l.querySelectorAll('iframe[data-secret=\"'+t.secret+'\"]'),o=l.querySelectorAll('blockquote[data-secret=\"'+t.secret+'\"]'),c=new RegExp(\"^https?:$\",\"i\"),i=0;i<o.length;i++)o[i].style.display=\"none\";for(i=0;i<a.length;i++)s=a[i],e.source===s.contentWindow&&(s.removeAttribute(\"style\"),\"height\"===t.message?(1e3<(r=parseInt(t.value,10))?r=1e3:~~r<200&&(r=200),s.height=r):\"link\"===t.message&&(r=new URL(s.getAttribute(\"src\")),n=new URL(t.value),c.test(n.protocol))&&n.host===r.host&&l.activeElement===s&&(d.top.location.href=t.value))}},d.addEventListener(\"message\",d.wp.receiveEmbedMessage,!1),l.addEventListener(\"DOMContentLoaded\",function(){for(var e,t,s=l.querySelectorAll(\"iframe.wp-embedded-content\"),r=0;r<s.length;r++)(t=(e=s[r]).getAttribute(\"data-secret\"))||(t=Math.random().toString(36).substring(2,12),e.src+=\"#?secret=\"+t,e.setAttribute(\"data-secret\",t)),e.contentWindow.postMessage({message:\"ready\",secret:t},\"*\")},!1)))}(window,document);\n\/\/# sourceURL=https:\/\/narteks.net\/wp-includes\/js\/wp-embed.min.js\n\/* ]]> *\/\n<\/script>\n","description":"Son d\u00f6nemde, \u00f6zellikle de neoliberal \u00e7\u0131lg\u0131nl\u0131\u011f\u0131n ideolojik alan\u0131 ku\u015fat\u0131p, alternatifsiz tek d\u00fc\u015f\u00fcnce olarak sunuldu\u011fu ko\u015fullarda, zaten ge\u00e7erli olan kafa kar\u0131\u015f\u0131kl\u0131\u011f\u0131 daha da b\u00fcy\u00fcd\u00fc. Esas itibariyle bir sistem olan kapitalizmle bir d\u00fc\u015f\u00fcnce ak\u0131m\u0131 olan liberalizm bir ve ayn\u0131 \u015fey say\u0131l\u0131r hale geldi. Oysa baz\u0131 kesi\u015fme alanlar\u0131 olmakla birlikte kapitalizm ve liberalizm kavramlar\u0131 ayn\u0131 i\u00e7eri\u011fe sahip de\u011fildir. [&hellip;]","thumbnail_url":"http:\/\/galeri.uludagsozluk.com\/11\/fikret-ba%C5%9Fkaya_71808.jpg"}