{"version":"1.0","provider_name":"narteks.net","provider_url":"https:\/\/narteks.net","author_name":"Tar\u0131k","author_url":"https:\/\/narteks.net\/index.php\/author\/narbak\/","title":"Frans\u0131z Devrimi'nde Kad\u0131n ; Eksik Yurtta\u015f | Diren \u00c7akmak","type":"rich","width":600,"height":338,"html":"<blockquote class=\"wp-embedded-content\" data-secret=\"HlEgRFfqUK\"><a href=\"https:\/\/narteks.net\/index.php\/2011\/08\/28\/fransiz-devriminde-kadin-eksik-yurttas-diren-cakmak\/\">Frans\u0131z Devrimi&#8217;nde Kad\u0131n ; Eksik Yurtta\u015f | Diren \u00c7akmak<\/a><\/blockquote><iframe sandbox=\"allow-scripts\" security=\"restricted\" src=\"https:\/\/narteks.net\/index.php\/2011\/08\/28\/fransiz-devriminde-kadin-eksik-yurttas-diren-cakmak\/embed\/#?secret=HlEgRFfqUK\" width=\"600\" height=\"338\" title=\"&#8220;Frans\u0131z Devrimi&#8217;nde Kad\u0131n ; Eksik Yurtta\u015f | Diren \u00c7akmak&#8221; &#8212; narteks.net\" data-secret=\"HlEgRFfqUK\" frameborder=\"0\" marginwidth=\"0\" marginheight=\"0\" scrolling=\"no\" class=\"wp-embedded-content\"><\/iframe><script>\n\/*! This file is auto-generated *\/\n!function(d,l){\"use strict\";l.querySelector&&d.addEventListener&&\"undefined\"!=typeof URL&&(d.wp=d.wp||{},d.wp.receiveEmbedMessage||(d.wp.receiveEmbedMessage=function(e){var t=e.data;if((t||t.secret||t.message||t.value)&&!\/[^a-zA-Z0-9]\/.test(t.secret)){for(var s,r,n,a=l.querySelectorAll('iframe[data-secret=\"'+t.secret+'\"]'),o=l.querySelectorAll('blockquote[data-secret=\"'+t.secret+'\"]'),c=new RegExp(\"^https?:$\",\"i\"),i=0;i<o.length;i++)o[i].style.display=\"none\";for(i=0;i<a.length;i++)s=a[i],e.source===s.contentWindow&&(s.removeAttribute(\"style\"),\"height\"===t.message?(1e3<(r=parseInt(t.value,10))?r=1e3:~~r<200&&(r=200),s.height=r):\"link\"===t.message&&(r=new URL(s.getAttribute(\"src\")),n=new URL(t.value),c.test(n.protocol))&&n.host===r.host&&l.activeElement===s&&(d.top.location.href=t.value))}},d.addEventListener(\"message\",d.wp.receiveEmbedMessage,!1),l.addEventListener(\"DOMContentLoaded\",function(){for(var e,t,s=l.querySelectorAll(\"iframe.wp-embedded-content\"),r=0;r<s.length;r++)(t=(e=s[r]).getAttribute(\"data-secret\"))||(t=Math.random().toString(36).substring(2,12),e.src+=\"#?secret=\"+t,e.setAttribute(\"data-secret\",t)),e.contentWindow.postMessage({message:\"ready\",secret:t},\"*\")},!1)))}(window,document);\n\/\/# sourceURL=https:\/\/narteks.net\/wp-includes\/js\/wp-embed.min.js\n<\/script>\n","description":"1. G\u0130R\u0130\u015e Kad\u0131nlar\u0131n, erkeklerle birlikte insanl\u0131\u011f\u0131 temsil ettiklerini ifade etme m\u00fccadelesinde Frans\u0131z Devrimi bir d\u00f6n\u00fcm noktas\u0131d\u0131r. Kad\u0131n erkekten daha az insan ve erkekten daha az yurtta\u015f olmad\u0131\u011f\u0131n\u0131 Devrim s\u00fcrecinde g\u00f6stermi\u015ftir. Kad\u0131n hem kendisi hem s\u0131n\u0131f\u0131n\u0131n tan\u0131m\u0131 ba\u011flam\u0131nda halk\u0131n\u0131n \u00f6zg\u00fcrl\u00fc\u011f\u00fc hem de s\u0131n\u0131f\u0131 i\u00e7in sava\u015fm\u0131\u015ft\u0131r. Bu ba\u011flamda, &#8220;Frans\u0131z Devrimi kad\u0131nlar\u0131n tarihinde yeni bir sayfa a\u00e7m\u0131\u015ft\u0131r&#8221; demek [&hellip;]","thumbnail_url":"http:\/\/4.bp.blogspot.com\/_KwA358zVHg8\/THJ8X_Nc2DI\/AAAAAAAAAVU\/L03pMggEhq8\/s1600\/-French-Revolution-Delacroix.jpg"}