{"version":"1.0","provider_name":"narteks.net","provider_url":"https:\/\/narteks.net","author_name":"Tar\u0131k","author_url":"https:\/\/narteks.net\/index.php\/author\/narbak\/","title":"Din ve bilim \u00fczerine d\u00fc\u015f\u00fcnceler | Albert Einstein","type":"rich","width":600,"height":338,"html":"<blockquote class=\"wp-embedded-content\" data-secret=\"SvPA0Wv4UG\"><a href=\"https:\/\/narteks.net\/index.php\/2011\/09\/13\/din-ve-bilim-uzerine-dusunceler-albert-einstein\/\">Din ve bilim \u00fczerine d\u00fc\u015f\u00fcnceler | Albert Einstein<\/a><\/blockquote><iframe sandbox=\"allow-scripts\" security=\"restricted\" src=\"https:\/\/narteks.net\/index.php\/2011\/09\/13\/din-ve-bilim-uzerine-dusunceler-albert-einstein\/embed\/#?secret=SvPA0Wv4UG\" width=\"600\" height=\"338\" title=\"&#8220;Din ve bilim \u00fczerine d\u00fc\u015f\u00fcnceler | Albert Einstein&#8221; &#8212; narteks.net\" data-secret=\"SvPA0Wv4UG\" frameborder=\"0\" marginwidth=\"0\" marginheight=\"0\" scrolling=\"no\" class=\"wp-embedded-content\"><\/iframe><script type=\"text\/javascript\">\n\/* <![CDATA[ *\/\n\/*! This file is auto-generated *\/\n!function(d,l){\"use strict\";l.querySelector&&d.addEventListener&&\"undefined\"!=typeof URL&&(d.wp=d.wp||{},d.wp.receiveEmbedMessage||(d.wp.receiveEmbedMessage=function(e){var t=e.data;if((t||t.secret||t.message||t.value)&&!\/[^a-zA-Z0-9]\/.test(t.secret)){for(var s,r,n,a=l.querySelectorAll('iframe[data-secret=\"'+t.secret+'\"]'),o=l.querySelectorAll('blockquote[data-secret=\"'+t.secret+'\"]'),c=new RegExp(\"^https?:$\",\"i\"),i=0;i<o.length;i++)o[i].style.display=\"none\";for(i=0;i<a.length;i++)s=a[i],e.source===s.contentWindow&&(s.removeAttribute(\"style\"),\"height\"===t.message?(1e3<(r=parseInt(t.value,10))?r=1e3:~~r<200&&(r=200),s.height=r):\"link\"===t.message&&(r=new URL(s.getAttribute(\"src\")),n=new URL(t.value),c.test(n.protocol))&&n.host===r.host&&l.activeElement===s&&(d.top.location.href=t.value))}},d.addEventListener(\"message\",d.wp.receiveEmbedMessage,!1),l.addEventListener(\"DOMContentLoaded\",function(){for(var e,t,s=l.querySelectorAll(\"iframe.wp-embedded-content\"),r=0;r<s.length;r++)(t=(e=s[r]).getAttribute(\"data-secret\"))||(t=Math.random().toString(36).substring(2,12),e.src+=\"#?secret=\"+t,e.setAttribute(\"data-secret\",t)),e.contentWindow.postMessage({message:\"ready\",secret:t},\"*\")},!1)))}(window,document);\n\/\/# sourceURL=https:\/\/narteks.net\/wp-includes\/js\/wp-embed.min.js\n\/* ]]> *\/\n<\/script>\n","description":"\u0130nsan \u0131rk\u0131n\u0131n yapt\u0131\u011f\u0131 ve d\u00fc\u015f\u00fcnd\u00fc\u011f\u00fc her \u015fey derinden eksikli\u011fini duydu\u011fu ihtiya\u00e7lar\u0131n\u0131n tatmini ve ac\u0131lar\u0131n\u0131n giderilmesiyle ilgilidir. Ruhsal hareketlenmeleri ve bunlar\u0131n geli\u015fimini anlamak istiyorsak bunu s\u00fcrekli akl\u0131m\u0131zda tutmam\u0131z gerekir. Hissetmek ve \u00e7ok istemek, t\u00fcm insan \u00e7aba ve yarad\u0131l\u0131\u015f\u0131n\u0131n arkas\u0131ndaki itici g\u00fc\u00e7t\u00fcr; her ne kadar \u00e7ok istemek kavram\u0131 kendini bizlere kendini daha g\u00f6steri\u015fli sunsa da. \u0130nsanlar\u0131 dini [&hellip;]","thumbnail_url":"http:\/\/olaganustuolaylar.files.wordpress.com\/2010\/06\/232.jpg"}