{"version":"1.0","provider_name":"narteks.net","provider_url":"https:\/\/narteks.net","author_name":"Tar\u0131k","author_url":"https:\/\/narteks.net\/index.php\/author\/narbak\/","title":"Orta\u00e7a\u011f \u0130nsan\u0131 | Erkan K\u00fc\u00e7\u00fck","type":"rich","width":600,"height":338,"html":"<blockquote class=\"wp-embedded-content\" data-secret=\"6keMMyS709\"><a href=\"https:\/\/narteks.net\/index.php\/2011\/09\/30\/ortacag-insani-erkan-kucuk\/\">Orta\u00e7a\u011f \u0130nsan\u0131 | Erkan K\u00fc\u00e7\u00fck<\/a><\/blockquote><iframe sandbox=\"allow-scripts\" security=\"restricted\" src=\"https:\/\/narteks.net\/index.php\/2011\/09\/30\/ortacag-insani-erkan-kucuk\/embed\/#?secret=6keMMyS709\" width=\"600\" height=\"338\" title=\"&#8220;Orta\u00e7a\u011f \u0130nsan\u0131 | Erkan K\u00fc\u00e7\u00fck&#8221; &#8212; narteks.net\" data-secret=\"6keMMyS709\" frameborder=\"0\" marginwidth=\"0\" marginheight=\"0\" scrolling=\"no\" class=\"wp-embedded-content\"><\/iframe><script type=\"text\/javascript\">\n\/* <![CDATA[ *\/\n\/*! This file is auto-generated *\/\n!function(d,l){\"use strict\";l.querySelector&&d.addEventListener&&\"undefined\"!=typeof URL&&(d.wp=d.wp||{},d.wp.receiveEmbedMessage||(d.wp.receiveEmbedMessage=function(e){var t=e.data;if((t||t.secret||t.message||t.value)&&!\/[^a-zA-Z0-9]\/.test(t.secret)){for(var s,r,n,a=l.querySelectorAll('iframe[data-secret=\"'+t.secret+'\"]'),o=l.querySelectorAll('blockquote[data-secret=\"'+t.secret+'\"]'),c=new RegExp(\"^https?:$\",\"i\"),i=0;i<o.length;i++)o[i].style.display=\"none\";for(i=0;i<a.length;i++)s=a[i],e.source===s.contentWindow&&(s.removeAttribute(\"style\"),\"height\"===t.message?(1e3<(r=parseInt(t.value,10))?r=1e3:~~r<200&&(r=200),s.height=r):\"link\"===t.message&&(r=new URL(s.getAttribute(\"src\")),n=new URL(t.value),c.test(n.protocol))&&n.host===r.host&&l.activeElement===s&&(d.top.location.href=t.value))}},d.addEventListener(\"message\",d.wp.receiveEmbedMessage,!1),l.addEventListener(\"DOMContentLoaded\",function(){for(var e,t,s=l.querySelectorAll(\"iframe.wp-embedded-content\"),r=0;r<s.length;r++)(t=(e=s[r]).getAttribute(\"data-secret\"))||(t=Math.random().toString(36).substring(2,12),e.src+=\"#?secret=\"+t,e.setAttribute(\"data-secret\",t)),e.contentWindow.postMessage({message:\"ready\",secret:t},\"*\")},!1)))}(window,document);\n\/\/# sourceURL=https:\/\/narteks.net\/wp-includes\/js\/wp-embed.min.js\n\/* ]]> *\/\n<\/script>\n","description":"Yeni bir orta\u00e7a\u011fdan bahsediliyorken orta\u00e7a\u011fda bireyin konumuna bakmak ilgin\u00e7 olabilir diye d\u00fc\u015f\u00fcn\u00fcyorum. Karanl\u0131k olarak ifadelenen orta\u00e7a\u011f\u0131n g\u00f6zden ka\u00e7an bir noktas\u0131n\u0131 b\u00f6ylece g\u00f6rebiliriz: \u201cinsan orta\u00e7a\u011fda yaln\u0131z de\u011fildi.\u201d Birey olman\u0131n tarihi, insan\u0131n \u00f6zg\u00fcrle\u015fmesinin ve bunun do\u011fal bir sonucu olarak ortaya \u00e7\u0131kan yaln\u0131zl\u0131\u011f\u0131n\u0131n da tarihidir. \u0130nsan\u0131n \u00f6zg\u00fcrl\u00fc\u011f\u00fc, onun bir zorunluluk olarak dahil oldu\u011fu toplumsal gruptan ayr\u0131ksanmas\u0131 ile ilgilidir. [&hellip;]","thumbnail_url":"https:\/\/narteks.net\/wp-content\/uploads\/narteks.png","thumbnail_width":300,"thumbnail_height":90}