{"version":"1.0","provider_name":"narteks.net","provider_url":"https:\/\/narteks.net","author_name":"Tar\u0131k","author_url":"https:\/\/narteks.net\/index.php\/author\/narbak\/","title":"Nicolas GUILLEN Biyografisi","type":"rich","width":600,"height":338,"html":"<blockquote class=\"wp-embedded-content\" data-secret=\"L6rAuMxXzI\"><a href=\"https:\/\/narteks.net\/index.php\/2011\/10\/03\/nicolas-guillen-biyografisi\/\">Nicolas GUILLEN Biyografisi<\/a><\/blockquote><iframe sandbox=\"allow-scripts\" security=\"restricted\" src=\"https:\/\/narteks.net\/index.php\/2011\/10\/03\/nicolas-guillen-biyografisi\/embed\/#?secret=L6rAuMxXzI\" width=\"600\" height=\"338\" title=\"&#8220;Nicolas GUILLEN Biyografisi&#8221; &#8212; narteks.net\" data-secret=\"L6rAuMxXzI\" frameborder=\"0\" marginwidth=\"0\" marginheight=\"0\" scrolling=\"no\" class=\"wp-embedded-content\"><\/iframe><script type=\"text\/javascript\">\n\/* <![CDATA[ *\/\n\/*! This file is auto-generated *\/\n!function(d,l){\"use strict\";l.querySelector&&d.addEventListener&&\"undefined\"!=typeof URL&&(d.wp=d.wp||{},d.wp.receiveEmbedMessage||(d.wp.receiveEmbedMessage=function(e){var t=e.data;if((t||t.secret||t.message||t.value)&&!\/[^a-zA-Z0-9]\/.test(t.secret)){for(var s,r,n,a=l.querySelectorAll('iframe[data-secret=\"'+t.secret+'\"]'),o=l.querySelectorAll('blockquote[data-secret=\"'+t.secret+'\"]'),c=new RegExp(\"^https?:$\",\"i\"),i=0;i<o.length;i++)o[i].style.display=\"none\";for(i=0;i<a.length;i++)s=a[i],e.source===s.contentWindow&&(s.removeAttribute(\"style\"),\"height\"===t.message?(1e3<(r=parseInt(t.value,10))?r=1e3:~~r<200&&(r=200),s.height=r):\"link\"===t.message&&(r=new URL(s.getAttribute(\"src\")),n=new URL(t.value),c.test(n.protocol))&&n.host===r.host&&l.activeElement===s&&(d.top.location.href=t.value))}},d.addEventListener(\"message\",d.wp.receiveEmbedMessage,!1),l.addEventListener(\"DOMContentLoaded\",function(){for(var e,t,s=l.querySelectorAll(\"iframe.wp-embedded-content\"),r=0;r<s.length;r++)(t=(e=s[r]).getAttribute(\"data-secret\"))||(t=Math.random().toString(36).substring(2,12),e.src+=\"#?secret=\"+t,e.setAttribute(\"data-secret\",t)),e.contentWindow.postMessage({message:\"ready\",secret:t},\"*\")},!1)))}(window,document);\n\/\/# sourceURL=https:\/\/narteks.net\/wp-includes\/js\/wp-embed.min.js\n\/* ]]> *\/\n<\/script>\n","description":"10 Temmuz 1902\u2032de Camag\u00fcey\u2019de do\u011fdu. 17 Temmuz 1989\u2032da Havana\u2019da \u00f6ld\u00fc.Tam ad\u0131 Nicol\u00e1s Crist\u00f3bal Guill\u00e9n Batista\u2019d\u0131r. Hem Afrikal\u0131 hem de Avrupal\u0131 kan\u0131 ta\u015f\u0131yordu. Havana \u00dcniversitesi\u2019nde hukuk \u00f6\u011frenimi g\u00f6rd\u00fc. 1937\u2032de Cumhuriyet\u00e7iler\u2019in saf\u0131nda \u0130spanya \u0130\u00e7 Sava\u015f\u0131\u2019na kat\u0131ld\u0131. Ayn\u0131 y\u0131l K\u00fcba Kom\u00fcnist Partisi\u2019ne girdi. Alt\u0131 y\u0131l kadar s\u00fcrg\u00fcnde ya\u015fad\u0131; bir s\u00fcre Avrupa\u2019da -\u00fc\u00e7 y\u0131l\u0131 Paris\u2019te \u2013 kald\u0131ktan sonra K\u00fcba [&hellip;]","thumbnail_url":"http:\/\/t1.gstatic.com\/images?q=tbn:ANd9GcSqtgTvvwUWbBXMuSkITJaFZp8B0imN-sHPNBARIlyghrmlotBAx1mq8SkQNw"}