{"version":"1.0","provider_name":"narteks.net","provider_url":"https:\/\/narteks.net","author_name":"Tar\u0131k","author_url":"https:\/\/narteks.net\/index.php\/author\/narbak\/","title":"Gen\u00e7 ve Ya\u015fl\u0131 Kad\u0131nlara Dair | Friedrich Nietzsche","type":"rich","width":600,"height":338,"html":"<blockquote class=\"wp-embedded-content\" data-secret=\"rQloOCHy6H\"><a href=\"https:\/\/narteks.net\/index.php\/2011\/10\/07\/genc-ve-yasli-kadinlara-dair-friedrich-nietzsche\/\">Gen\u00e7 ve Ya\u015fl\u0131 Kad\u0131nlara Dair | Friedrich Nietzsche<\/a><\/blockquote><iframe sandbox=\"allow-scripts\" security=\"restricted\" src=\"https:\/\/narteks.net\/index.php\/2011\/10\/07\/genc-ve-yasli-kadinlara-dair-friedrich-nietzsche\/embed\/#?secret=rQloOCHy6H\" width=\"600\" height=\"338\" title=\"&#8220;Gen\u00e7 ve Ya\u015fl\u0131 Kad\u0131nlara Dair | Friedrich Nietzsche&#8221; &#8212; narteks.net\" data-secret=\"rQloOCHy6H\" frameborder=\"0\" marginwidth=\"0\" marginheight=\"0\" scrolling=\"no\" class=\"wp-embedded-content\"><\/iframe><script>\n\/*! This file is auto-generated *\/\n!function(d,l){\"use strict\";l.querySelector&&d.addEventListener&&\"undefined\"!=typeof URL&&(d.wp=d.wp||{},d.wp.receiveEmbedMessage||(d.wp.receiveEmbedMessage=function(e){var t=e.data;if((t||t.secret||t.message||t.value)&&!\/[^a-zA-Z0-9]\/.test(t.secret)){for(var s,r,n,a=l.querySelectorAll('iframe[data-secret=\"'+t.secret+'\"]'),o=l.querySelectorAll('blockquote[data-secret=\"'+t.secret+'\"]'),c=new RegExp(\"^https?:$\",\"i\"),i=0;i<o.length;i++)o[i].style.display=\"none\";for(i=0;i<a.length;i++)s=a[i],e.source===s.contentWindow&&(s.removeAttribute(\"style\"),\"height\"===t.message?(1e3<(r=parseInt(t.value,10))?r=1e3:~~r<200&&(r=200),s.height=r):\"link\"===t.message&&(r=new URL(s.getAttribute(\"src\")),n=new URL(t.value),c.test(n.protocol))&&n.host===r.host&&l.activeElement===s&&(d.top.location.href=t.value))}},d.addEventListener(\"message\",d.wp.receiveEmbedMessage,!1),l.addEventListener(\"DOMContentLoaded\",function(){for(var e,t,s=l.querySelectorAll(\"iframe.wp-embedded-content\"),r=0;r<s.length;r++)(t=(e=s[r]).getAttribute(\"data-secret\"))||(t=Math.random().toString(36).substring(2,12),e.src+=\"#?secret=\"+t,e.setAttribute(\"data-secret\",t)),e.contentWindow.postMessage({message:\"ready\",secret:t},\"*\")},!1)))}(window,document);\n\/\/# sourceURL=https:\/\/narteks.net\/wp-includes\/js\/wp-embed.min.js\n<\/script>\n","description":"&#8220;Alacakaranl\u0131kta \u00f6yle \u00fcrkek \u00fcrkek nereye gidiyorsun Zerd\u00fc\u015ft? Paltonun alt\u0131nda ne sakl\u0131yorsun \u00f6yle itinayla? Servet mi sana bah\u015fedilen?Ya da bir \u00e7ocuk, senden d\u00fcnyaya gelen? Yoksa sen de mi h\u0131rs\u0131zlar\u0131n yolunu tuttun ey k\u00f6t\u00fclerin dostu?&#8221;&#8220;Hakikaten karde\u015fim&#8221; dedi Zerd\u00fc\u015ft, bana bah\u015fedilmi\u015f bir servettir bu: K\u00fc\u00e7\u00fck bir hakikattir bu ta\u015f\u0131d\u0131\u011f\u0131m \u015fey! Fakat bu hakikat, afacan bir \u00e7ocuk gibidir, a\u011fz\u0131n\u0131 [&hellip;]","thumbnail_url":"https:\/\/narteks.net\/wp-content\/uploads\/narteks.png","thumbnail_width":300,"thumbnail_height":90}