{"version":"1.0","provider_name":"narteks.net","provider_url":"https:\/\/narteks.net","author_name":"Tar\u0131k","author_url":"https:\/\/narteks.net\/index.php\/author\/narbak\/","title":"D\u00fc\u015f\u00fcnce Tarihi | \u00c7ocuklar \u0130\u00e7in \u00d6zg\u00fcrl\u00fck - Orhan Han\u00e7erlio\u011flu","type":"rich","width":600,"height":338,"html":"<blockquote class=\"wp-embedded-content\" data-secret=\"ngkQamIIL3\"><a href=\"https:\/\/narteks.net\/index.php\/2012\/08\/27\/dusunce-tarihi-cocuklar-icin-ozgurluk-orhan-hancerlioglu\/\">D\u00fc\u015f\u00fcnce Tarihi | \u00c7ocuklar \u0130\u00e7in \u00d6zg\u00fcrl\u00fck &#8211; Orhan Han\u00e7erlio\u011flu<\/a><\/blockquote><iframe sandbox=\"allow-scripts\" security=\"restricted\" src=\"https:\/\/narteks.net\/index.php\/2012\/08\/27\/dusunce-tarihi-cocuklar-icin-ozgurluk-orhan-hancerlioglu\/embed\/#?secret=ngkQamIIL3\" width=\"600\" height=\"338\" title=\"&#8220;D\u00fc\u015f\u00fcnce Tarihi | \u00c7ocuklar \u0130\u00e7in \u00d6zg\u00fcrl\u00fck &#8211; Orhan Han\u00e7erlio\u011flu&#8221; &#8212; narteks.net\" data-secret=\"ngkQamIIL3\" frameborder=\"0\" marginwidth=\"0\" marginheight=\"0\" scrolling=\"no\" class=\"wp-embedded-content\"><\/iframe><script>\n\/*! This file is auto-generated *\/\n!function(d,l){\"use strict\";l.querySelector&&d.addEventListener&&\"undefined\"!=typeof URL&&(d.wp=d.wp||{},d.wp.receiveEmbedMessage||(d.wp.receiveEmbedMessage=function(e){var t=e.data;if((t||t.secret||t.message||t.value)&&!\/[^a-zA-Z0-9]\/.test(t.secret)){for(var s,r,n,a=l.querySelectorAll('iframe[data-secret=\"'+t.secret+'\"]'),o=l.querySelectorAll('blockquote[data-secret=\"'+t.secret+'\"]'),c=new RegExp(\"^https?:$\",\"i\"),i=0;i<o.length;i++)o[i].style.display=\"none\";for(i=0;i<a.length;i++)s=a[i],e.source===s.contentWindow&&(s.removeAttribute(\"style\"),\"height\"===t.message?(1e3<(r=parseInt(t.value,10))?r=1e3:~~r<200&&(r=200),s.height=r):\"link\"===t.message&&(r=new URL(s.getAttribute(\"src\")),n=new URL(t.value),c.test(n.protocol))&&n.host===r.host&&l.activeElement===s&&(d.top.location.href=t.value))}},d.addEventListener(\"message\",d.wp.receiveEmbedMessage,!1),l.addEventListener(\"DOMContentLoaded\",function(){for(var e,t,s=l.querySelectorAll(\"iframe.wp-embedded-content\"),r=0;r<s.length;r++)(t=(e=s[r]).getAttribute(\"data-secret\"))||(t=Math.random().toString(36).substring(2,12),e.src+=\"#?secret=\"+t,e.setAttribute(\"data-secret\",t)),e.contentWindow.postMessage({message:\"ready\",secret:t},\"*\")},!1)))}(window,document);\n\/\/# sourceURL=https:\/\/narteks.net\/wp-includes\/js\/wp-embed.min.js\n<\/script>\n","description":"D\u00fc\u015f\u00fcn\u00fcr\u00fc, bilgini ve sanat\u00e7\u0131s\u0131yla b\u00fct\u00fcn idealist ve metafizik kamp yanda\u015flar\u0131, insanl\u0131\u011f\u0131 y\u00fczy\u0131llardan beri ezen bask\u0131 g\u00fc\u00e7lerini, gene metafizikte ve idealizmde aramak gibi bir \u00e7eli\u015fkiye d\u00fc\u015ferler. Comte, Mach, Avenarius, varolu\u015f\u00e7uluk, yeniolguculuk vb. metafizi\u011fin tam ortas\u0131nda oturduklar\u0131 halde metafizi\u011fe kar\u015f\u0131 \u00e7\u0131km\u0131\u015flard\u0131r. Bir bak\u0131ma bu, onlar i\u00e7in ka\u00e7\u0131n\u0131lmaz bir sonu\u00e7tur. \u00c7\u00fcnk\u00fc metafizik d\u00fc\u015f\u00fcnce y\u00f6ntemiyle ancak metafizi\u011fe ve idealizme [&hellip;]","thumbnail_url":"https:\/\/narteks.net\/wp-content\/uploads\/narteks.png","thumbnail_width":300,"thumbnail_height":90}