{"version":"1.0","provider_name":"narteks.net","provider_url":"https:\/\/narteks.net","author_name":"Tar\u0131k","author_url":"https:\/\/narteks.net\/index.php\/author\/narbak\/","title":"Siyasal M\u00fccadele ve Askeri Sava\u015f | Antonio Gramsci","type":"rich","width":600,"height":338,"html":"<blockquote class=\"wp-embedded-content\" data-secret=\"GUuNBbqYfa\"><a href=\"https:\/\/narteks.net\/index.php\/2012\/10\/02\/siyasal-mucadele-ve-askeri-savas-antonio-gramsci\/\">Siyasal M\u00fccadele ve Askeri Sava\u015f | Antonio Gramsci<\/a><\/blockquote><iframe sandbox=\"allow-scripts\" security=\"restricted\" src=\"https:\/\/narteks.net\/index.php\/2012\/10\/02\/siyasal-mucadele-ve-askeri-savas-antonio-gramsci\/embed\/#?secret=GUuNBbqYfa\" width=\"600\" height=\"338\" title=\"&#8220;Siyasal M\u00fccadele ve Askeri Sava\u015f | Antonio Gramsci&#8221; &#8212; narteks.net\" data-secret=\"GUuNBbqYfa\" frameborder=\"0\" marginwidth=\"0\" marginheight=\"0\" scrolling=\"no\" class=\"wp-embedded-content\"><\/iframe><script type=\"text\/javascript\">\n\/* <![CDATA[ *\/\n\/*! This file is auto-generated *\/\n!function(d,l){\"use strict\";l.querySelector&&d.addEventListener&&\"undefined\"!=typeof URL&&(d.wp=d.wp||{},d.wp.receiveEmbedMessage||(d.wp.receiveEmbedMessage=function(e){var t=e.data;if((t||t.secret||t.message||t.value)&&!\/[^a-zA-Z0-9]\/.test(t.secret)){for(var s,r,n,a=l.querySelectorAll('iframe[data-secret=\"'+t.secret+'\"]'),o=l.querySelectorAll('blockquote[data-secret=\"'+t.secret+'\"]'),c=new RegExp(\"^https?:$\",\"i\"),i=0;i<o.length;i++)o[i].style.display=\"none\";for(i=0;i<a.length;i++)s=a[i],e.source===s.contentWindow&&(s.removeAttribute(\"style\"),\"height\"===t.message?(1e3<(r=parseInt(t.value,10))?r=1e3:~~r<200&&(r=200),s.height=r):\"link\"===t.message&&(r=new URL(s.getAttribute(\"src\")),n=new URL(t.value),c.test(n.protocol))&&n.host===r.host&&l.activeElement===s&&(d.top.location.href=t.value))}},d.addEventListener(\"message\",d.wp.receiveEmbedMessage,!1),l.addEventListener(\"DOMContentLoaded\",function(){for(var e,t,s=l.querySelectorAll(\"iframe.wp-embedded-content\"),r=0;r<s.length;r++)(t=(e=s[r]).getAttribute(\"data-secret\"))||(t=Math.random().toString(36).substring(2,12),e.src+=\"#?secret=\"+t,e.setAttribute(\"data-secret\",t)),e.contentWindow.postMessage({message:\"ready\",secret:t},\"*\")},!1)))}(window,document);\n\/\/# sourceURL=https:\/\/narteks.net\/wp-includes\/js\/wp-embed.min.js\n\/* ]]> *\/\n<\/script>\n","description":"Askeri sava\u015fta d\u00fc\u015fman ordusunun imha ve toprak\u00adlar\u0131n\u0131n i\u015fgal edilmesiyle stratejik amaca var\u0131nca ba\u015far\u0131\u00adya ula\u015f\u0131l\u0131r. \u00fcstelik \u015fu da belirtilmelidir ki, sava\u015f\u0131n sona ermesi i\u00e7in stratejik amaca sadece potansiyel olarak ula\u00ad\u015f\u0131lmas\u0131 yeterlidir. Yani d\u00fc\u015fman ordusunun art\u0131k sava\u015fa\u00admayaca\u011f\u0131n\u0131n ve zafere ula\u015fm\u0131\u015f ordunun d\u00fc\u015fman\u0131n top\u00adraklar\u0131n\u0131 i\u015fgal \u00abedebilece\u011finin\u00bb \u015f\u00fcphe g\u00f6t\u00fcrmemesi ye\u00adterlidir. Siyasal m\u00fccadeleyse \u00e7ok daha karma\u015f\u0131kt\u0131r : bir bak\u0131ma koloni [&hellip;]","thumbnail_url":"https:\/\/narteks.net\/wp-content\/uploads\/narteks.png","thumbnail_width":300,"thumbnail_height":90}