{"version":"1.0","provider_name":"narteks.net","provider_url":"https:\/\/narteks.net","author_name":"Tar\u0131k","author_url":"https:\/\/narteks.net\/index.php\/author\/narbak\/","title":"Evren'in Do\u011fu\u015fu ve Yazg\u0131s\u0131 | Stephen W. Hawking","type":"rich","width":600,"height":338,"html":"<blockquote class=\"wp-embedded-content\" data-secret=\"xmUbghQRIS\"><a href=\"https:\/\/narteks.net\/index.php\/2018\/07\/24\/evren-in-dogusu-ve-yazgisi-stephen-w-hawking\/\">Evren&#8217;in Do\u011fu\u015fu ve Yazg\u0131s\u0131 | Stephen W. Hawking<\/a><\/blockquote><iframe sandbox=\"allow-scripts\" security=\"restricted\" src=\"https:\/\/narteks.net\/index.php\/2018\/07\/24\/evren-in-dogusu-ve-yazgisi-stephen-w-hawking\/embed\/#?secret=xmUbghQRIS\" width=\"600\" height=\"338\" title=\"&#8220;Evren&#8217;in Do\u011fu\u015fu ve Yazg\u0131s\u0131 | Stephen W. Hawking&#8221; &#8212; narteks.net\" data-secret=\"xmUbghQRIS\" frameborder=\"0\" marginwidth=\"0\" marginheight=\"0\" scrolling=\"no\" class=\"wp-embedded-content\"><\/iframe><script type=\"text\/javascript\">\n\/* <![CDATA[ *\/\n\/*! This file is auto-generated *\/\n!function(d,l){\"use strict\";l.querySelector&&d.addEventListener&&\"undefined\"!=typeof URL&&(d.wp=d.wp||{},d.wp.receiveEmbedMessage||(d.wp.receiveEmbedMessage=function(e){var t=e.data;if((t||t.secret||t.message||t.value)&&!\/[^a-zA-Z0-9]\/.test(t.secret)){for(var s,r,n,a=l.querySelectorAll('iframe[data-secret=\"'+t.secret+'\"]'),o=l.querySelectorAll('blockquote[data-secret=\"'+t.secret+'\"]'),c=new RegExp(\"^https?:$\",\"i\"),i=0;i<o.length;i++)o[i].style.display=\"none\";for(i=0;i<a.length;i++)s=a[i],e.source===s.contentWindow&&(s.removeAttribute(\"style\"),\"height\"===t.message?(1e3<(r=parseInt(t.value,10))?r=1e3:~~r<200&&(r=200),s.height=r):\"link\"===t.message&&(r=new URL(s.getAttribute(\"src\")),n=new URL(t.value),c.test(n.protocol))&&n.host===r.host&&l.activeElement===s&&(d.top.location.href=t.value))}},d.addEventListener(\"message\",d.wp.receiveEmbedMessage,!1),l.addEventListener(\"DOMContentLoaded\",function(){for(var e,t,s=l.querySelectorAll(\"iframe.wp-embedded-content\"),r=0;r<s.length;r++)(t=(e=s[r]).getAttribute(\"data-secret\"))||(t=Math.random().toString(36).substring(2,12),e.src+=\"#?secret=\"+t,e.setAttribute(\"data-secret\",t)),e.contentWindow.postMessage({message:\"ready\",secret:t},\"*\")},!1)))}(window,document);\n\/\/# sourceURL=https:\/\/narteks.net\/wp-includes\/js\/wp-embed.min.js\n\/* ]]> *\/\n<\/script>\n","description":"Einstein&#8217;\u0131n genel g\u00f6relik kuram\u0131, tek ba\u015f\u0131na, uzay-zaman\u0131n\u0131n b\u00fcy\u00fck patlama tekilli\u011finde ba\u015flad\u0131\u011f\u0131n\u0131 ve (t\u00fcm evren \u00e7\u00f6kt\u00fcyse) b\u00fcy\u00fck \u00e7at\u0131rt\u0131 tekilli\u011finde ya da, (y\u0131ld\u0131z gibi yerel bir b\u00f6lge \u00e7\u00f6kseydi) bir kara deli\u011fin i\u00e7indeki bir tekillikte sona erece\u011fini \u00f6ng\u00f6rmekteydi. Deli\u011fe d\u00fc\u015fen t\u00fcm maddeler tekillikte yitecek, ve yaln\u0131zca k\u00fctlelerinin \u00e7ekim etkisi d\u0131\u015far\u0131da duyulacakt\u0131. \u00d6te yandan, tanecik etkileri hesaba kat\u0131ld\u0131\u011f\u0131nda, maddenin [&hellip;]","thumbnail_url":"http:\/\/narteks.net\/wp-content\/uploads\/Stephen_Hawking-1-1-150x150.jpg"}