{"version":"1.0","provider_name":"narteks.net","provider_url":"https:\/\/narteks.net","author_name":"Tar\u0131k","author_url":"https:\/\/narteks.net\/index.php\/author\/narbak\/","title":"Bir \" Yeni Irk\u00e7\u0131l\u0131k \" Var m\u0131? | Etienne Balibar","type":"rich","width":600,"height":338,"html":"<blockquote class=\"wp-embedded-content\" data-secret=\"e4BRUnKxLz\"><a href=\"https:\/\/narteks.net\/index.php\/2018\/08\/02\/bir-yeni-irkcilik-var-mi-etienne-balibar\/\">Bir &#8221; Yeni Irk\u00e7\u0131l\u0131k &#8221; Var m\u0131? | Etienne Balibar<\/a><\/blockquote><iframe sandbox=\"allow-scripts\" security=\"restricted\" src=\"https:\/\/narteks.net\/index.php\/2018\/08\/02\/bir-yeni-irkcilik-var-mi-etienne-balibar\/embed\/#?secret=e4BRUnKxLz\" width=\"600\" height=\"338\" title=\"&#8220;Bir &#8221; Yeni Irk\u00e7\u0131l\u0131k &#8221; Var m\u0131? | Etienne Balibar&#8221; &#8212; narteks.net\" data-secret=\"e4BRUnKxLz\" frameborder=\"0\" marginwidth=\"0\" marginheight=\"0\" scrolling=\"no\" class=\"wp-embedded-content\"><\/iframe><script type=\"text\/javascript\">\n\/* <![CDATA[ *\/\n\/*! This file is auto-generated *\/\n!function(d,l){\"use strict\";l.querySelector&&d.addEventListener&&\"undefined\"!=typeof URL&&(d.wp=d.wp||{},d.wp.receiveEmbedMessage||(d.wp.receiveEmbedMessage=function(e){var t=e.data;if((t||t.secret||t.message||t.value)&&!\/[^a-zA-Z0-9]\/.test(t.secret)){for(var s,r,n,a=l.querySelectorAll('iframe[data-secret=\"'+t.secret+'\"]'),o=l.querySelectorAll('blockquote[data-secret=\"'+t.secret+'\"]'),c=new RegExp(\"^https?:$\",\"i\"),i=0;i<o.length;i++)o[i].style.display=\"none\";for(i=0;i<a.length;i++)s=a[i],e.source===s.contentWindow&&(s.removeAttribute(\"style\"),\"height\"===t.message?(1e3<(r=parseInt(t.value,10))?r=1e3:~~r<200&&(r=200),s.height=r):\"link\"===t.message&&(r=new URL(s.getAttribute(\"src\")),n=new URL(t.value),c.test(n.protocol))&&n.host===r.host&&l.activeElement===s&&(d.top.location.href=t.value))}},d.addEventListener(\"message\",d.wp.receiveEmbedMessage,!1),l.addEventListener(\"DOMContentLoaded\",function(){for(var e,t,s=l.querySelectorAll(\"iframe.wp-embedded-content\"),r=0;r<s.length;r++)(t=(e=s[r]).getAttribute(\"data-secret\"))||(t=Math.random().toString(36).substring(2,12),e.src+=\"#?secret=\"+t,e.setAttribute(\"data-secret\",t)),e.contentWindow.postMessage({message:\"ready\",secret:t},\"*\")},!1)))}(window,document);\n\/\/# sourceURL=https:\/\/narteks.net\/wp-includes\/js\/wp-embed.min.js\n\/* ]]> *\/\n<\/script>\n","description":"Bir yeni-\u0131rk\u00e7\u0131l\u0131ktan s\u00f6z etmek ne derece uygundur? G\u00fcn\u00fcm\u00fcz\u00fcn olaylar\u0131 bu soruyu bize, bir \u00fclkeden di\u011ferine biraz de\u011fi\u015fen ama uluslar\u00fcst\u00fc bir g\u00f6r\u00fcng\u00fcn\u00fcn varl\u0131\u011f\u0131n\u0131 telkin eden \u00e7e\u015fitli bi\u00e7imlerle dayatmaktad\u0131r. Ancak bu iki anlamda anla\u015f\u0131labilir. Bir yanda; \u0131rk\u00e7\u0131 hareket ve politikalar\u0131n, bir kriz konjonkt\u00fcr\u00fcyle ya da ba\u015fka neden\u00adlerle a\u00e7\u0131klanabilecek tarihsel bir bahar\u0131na m\u0131 tan\u0131k oluyoruz? Di\u011fer yandan; temalar\u0131 [&hellip;]","thumbnail_url":"http:\/\/narteks.net\/wp-content\/uploads\/etienne_balibar-150x150.jpg"}