{"version":"1.0","provider_name":"narteks.net","provider_url":"https:\/\/narteks.net","author_name":"Tar\u0131k","author_url":"https:\/\/narteks.net\/index.php\/author\/narbak\/","title":"Devletin Elege\u00e7irilmesi | Antonio Gramsci","type":"rich","width":600,"height":338,"html":"<blockquote class=\"wp-embedded-content\" data-secret=\"YdUuSK1GIR\"><a href=\"https:\/\/narteks.net\/index.php\/2018\/08\/09\/devletin-elegecirilmesi-antonio-gramsci\/\">Devletin Elege\u00e7irilmesi  | Antonio Gramsci<\/a><\/blockquote><iframe sandbox=\"allow-scripts\" security=\"restricted\" src=\"https:\/\/narteks.net\/index.php\/2018\/08\/09\/devletin-elegecirilmesi-antonio-gramsci\/embed\/#?secret=YdUuSK1GIR\" width=\"600\" height=\"338\" title=\"&#8220;Devletin Elege\u00e7irilmesi  | Antonio Gramsci&#8221; &#8212; narteks.net\" data-secret=\"YdUuSK1GIR\" frameborder=\"0\" marginwidth=\"0\" marginheight=\"0\" scrolling=\"no\" class=\"wp-embedded-content\"><\/iframe><script type=\"text\/javascript\">\n\/* <![CDATA[ *\/\n\/*! This file is auto-generated *\/\n!function(d,l){\"use strict\";l.querySelector&&d.addEventListener&&\"undefined\"!=typeof URL&&(d.wp=d.wp||{},d.wp.receiveEmbedMessage||(d.wp.receiveEmbedMessage=function(e){var t=e.data;if((t||t.secret||t.message||t.value)&&!\/[^a-zA-Z0-9]\/.test(t.secret)){for(var s,r,n,a=l.querySelectorAll('iframe[data-secret=\"'+t.secret+'\"]'),o=l.querySelectorAll('blockquote[data-secret=\"'+t.secret+'\"]'),c=new RegExp(\"^https?:$\",\"i\"),i=0;i<o.length;i++)o[i].style.display=\"none\";for(i=0;i<a.length;i++)s=a[i],e.source===s.contentWindow&&(s.removeAttribute(\"style\"),\"height\"===t.message?(1e3<(r=parseInt(t.value,10))?r=1e3:~~r<200&&(r=200),s.height=r):\"link\"===t.message&&(r=new URL(s.getAttribute(\"src\")),n=new URL(t.value),c.test(n.protocol))&&n.host===r.host&&l.activeElement===s&&(d.top.location.href=t.value))}},d.addEventListener(\"message\",d.wp.receiveEmbedMessage,!1),l.addEventListener(\"DOMContentLoaded\",function(){for(var e,t,s=l.querySelectorAll(\"iframe.wp-embedded-content\"),r=0;r<s.length;r++)(t=(e=s[r]).getAttribute(\"data-secret\"))||(t=Math.random().toString(36).substring(2,12),e.src+=\"#?secret=\"+t,e.setAttribute(\"data-secret\",t)),e.contentWindow.postMessage({message:\"ready\",secret:t},\"*\")},!1)))}(window,document);\n\/\/# sourceURL=https:\/\/narteks.net\/wp-includes\/js\/wp-embed.min.js\n\/* ]]> *\/\n<\/script>\n","description":"\u00dcretim tarz\u0131 taraf\u0131ndan belirlenen kapitalist yo\u00ad\u011funla\u015fma, emek\u00e7i insan kitlelerinin de buna denk d\u00fc\u00ad\u015fen bir yo\u011funla\u015fmas\u0131na neden olur. Marksizmin t\u00fcm devrimci tezlerinin kayna\u011f\u0131, yeni proleter ya\u015fam tar\u00adz\u0131n\u0131n ko\u015fullar\u0131, s\u0131n\u0131f m\u00fccadelesi ve rekabetin do\u011fur\u00addu\u011fu kapitalist kar\u0131\u015f\u0131kl\u0131\u011f\u0131n, burjuva ya\u015fam tarz\u0131n\u0131n yerini alacak olan yeni kom\u00fcnist d\u00fczenin ko\u015fullan, i\u015fte bu olguda aranmal\u0131d\u0131r. Genel kapitalist etkinlik alan\u0131nda, emek\u00e7i, etkinli\u00ad\u011fini serbest [&hellip;]","thumbnail_url":"http:\/\/narteks.net\/wp-content\/uploads\/Antonio-Gramsci-1-150x150.jpg"}