{"version":"1.0","provider_name":"narteks.net","provider_url":"https:\/\/narteks.net","author_name":"Tar\u0131k","author_url":"https:\/\/narteks.net\/index.php\/author\/narbak\/","title":"Adaletten Demokrasiye | Jose Saramago","type":"rich","width":600,"height":338,"html":"<blockquote class=\"wp-embedded-content\" data-secret=\"OksJUBeupj\"><a href=\"https:\/\/narteks.net\/index.php\/2018\/09\/03\/adaletten-demokrasiye-jose-saramago\/\">Adaletten Demokrasiye | Jose Saramago<\/a><\/blockquote><iframe sandbox=\"allow-scripts\" security=\"restricted\" src=\"https:\/\/narteks.net\/index.php\/2018\/09\/03\/adaletten-demokrasiye-jose-saramago\/embed\/#?secret=OksJUBeupj\" width=\"600\" height=\"338\" title=\"&#8220;Adaletten Demokrasiye | Jose Saramago&#8221; &#8212; narteks.net\" data-secret=\"OksJUBeupj\" frameborder=\"0\" marginwidth=\"0\" marginheight=\"0\" scrolling=\"no\" class=\"wp-embedded-content\"><\/iframe><script type=\"text\/javascript\">\n\/* <![CDATA[ *\/\n\/*! This file is auto-generated *\/\n!function(d,l){\"use strict\";l.querySelector&&d.addEventListener&&\"undefined\"!=typeof URL&&(d.wp=d.wp||{},d.wp.receiveEmbedMessage||(d.wp.receiveEmbedMessage=function(e){var t=e.data;if((t||t.secret||t.message||t.value)&&!\/[^a-zA-Z0-9]\/.test(t.secret)){for(var s,r,n,a=l.querySelectorAll('iframe[data-secret=\"'+t.secret+'\"]'),o=l.querySelectorAll('blockquote[data-secret=\"'+t.secret+'\"]'),c=new RegExp(\"^https?:$\",\"i\"),i=0;i<o.length;i++)o[i].style.display=\"none\";for(i=0;i<a.length;i++)s=a[i],e.source===s.contentWindow&&(s.removeAttribute(\"style\"),\"height\"===t.message?(1e3<(r=parseInt(t.value,10))?r=1e3:~~r<200&&(r=200),s.height=r):\"link\"===t.message&&(r=new URL(s.getAttribute(\"src\")),n=new URL(t.value),c.test(n.protocol))&&n.host===r.host&&l.activeElement===s&&(d.top.location.href=t.value))}},d.addEventListener(\"message\",d.wp.receiveEmbedMessage,!1),l.addEventListener(\"DOMContentLoaded\",function(){for(var e,t,s=l.querySelectorAll(\"iframe.wp-embedded-content\"),r=0;r<s.length;r++)(t=(e=s[r]).getAttribute(\"data-secret\"))||(t=Math.random().toString(36).substring(2,12),e.src+=\"#?secret=\"+t,e.setAttribute(\"data-secret\",t)),e.contentWindow.postMessage({message:\"ready\",secret:t},\"*\")},!1)))}(window,document);\n\/\/# sourceURL=https:\/\/narteks.net\/wp-includes\/js\/wp-embed.min.js\n\/* ]]> *\/\n<\/script>\n","description":"Bundan d\u00f6rt y\u00fczy\u0131l \u00f6nce Floransa civar\u0131ndaki bir k\u00f6yde ya\u015fanm\u0131\u015f ilgin\u00e7 bir olay\u0131 sizlere \u00fc\u00e7 be\u015f s\u00f6zc\u00fckle anlatarak lafa ba\u015flayaca\u011f\u0131m. \u0130zninizle b\u00fct\u00fcn dikkatinizi bu \u00f6nemli tarihi olaya \u00e7ekmek istiyorum, zira al\u0131\u015f\u0131lm\u0131\u015f\u0131n tersine, bundan \u00e7\u0131kart\u0131lacak ders, hik\u00e2yenin sonunu beklemeyi gerektirmiyor; kendini hemen ortaya koyuyor. K\u00f6y sakinlerinin kimi evindeydi kimi tarlas\u0131nda \u00e7al\u0131\u015f\u0131yordu, her biri kendi i\u015fine dalm\u0131\u015ft\u0131 ki [&hellip;]","thumbnail_url":"http:\/\/narteks.net\/wp-content\/uploads\/Jose-Saramago-150x150.jpg"}